{"id":4781,"date":"2024-07-13T19:33:47","date_gmt":"2024-07-13T17:33:47","guid":{"rendered":"https:\/\/bergische-nachhilfeschule.de\/gtc\/"},"modified":"2025-01-31T20:26:20","modified_gmt":"2025-01-31T19:26:20","slug":"gtc","status":"publish","type":"page","link":"https:\/\/bergische-nachhilfeschule.de\/tr\/gtc\/","title":{"rendered":"GTC"},"content":{"rendered":"\t\t<div data-elementor-type=\"wp-page\" data-elementor-id=\"4781\" class=\"elementor elementor-4781 elementor-4125\" data-elementor-post-type=\"page\">\n\t\t\t\t<div class=\"elementor-element elementor-element-e42c25f e-flex e-con-boxed e-con e-parent\" data-id=\"e42c25f\" data-element_type=\"container\" data-e-type=\"container\" data-settings=\"{&quot;background_background&quot;:&quot;classic&quot;}\">\n\t\t\t\t\t<div class=\"e-con-inner\">\n\t\t\t\t<div class=\"elementor-element elementor-element-cd4e10e elementor-widget elementor-widget-heading\" data-id=\"cd4e10e\" data-element_type=\"widget\" data-e-type=\"widget\" data-widget_type=\"heading.default\">\n\t\t\t\t<div class=\"elementor-widget-container\">\n\t\t\t\t\t<h1 class=\"elementor-heading-title elementor-size-default\">Genel H\u00fck\u00fcm ve Ko\u015fullar \/ Okul Y\u00f6netmelikleri<\/h1>\t\t\t\t<\/div>\n\t\t\t\t<\/div>\n\t\t\t\t\t<\/div>\n\t\t\t\t<\/div>\n\t\t<div class=\"elementor-element elementor-element-9e0fd1c e-flex e-con-boxed e-con e-parent\" data-id=\"9e0fd1c\" data-element_type=\"container\" data-e-type=\"container\">\n\t\t\t\t\t<div class=\"e-con-inner\">\n\t\t\t\t<div class=\"elementor-element elementor-element-4975c35 elementor-widget elementor-widget-text-editor\" data-id=\"4975c35\" data-element_type=\"widget\" data-e-type=\"widget\" data-widget_type=\"text-editor.default\">\n\t\t\t\t<div class=\"elementor-widget-container\">\n\t\t\t\t\t\t\t\t\t<p><strong>Bergische Nachhilfeschule, IEC-International Education Centres GmbH&#8217;nin tescilli ticari markas\u0131d\u0131r<\/strong><\/p>\n<p><strong>1. uygulama kapsami<\/strong><\/p>\n<p>A\u015fa\u011f\u0131daki Genel H\u00fck\u00fcm ve Ko\u015fullar (G\u015eK), IEC-International Education Centers GmbH, Lise-Meitner-Str. 5-9 42119 Wuppertal ile m\u00fc\u015fterileri aras\u0131ndaki ili\u015fkiyi, Bergische Nachhilfeschule taraf\u0131ndan sunulan \u00f6zel ders hizmetlerine ili\u015fkin t\u00fcm s\u00f6zle\u015fmeler i\u00e7in m\u00fcnhas\u0131ran y\u00f6netir. G\u015eK, hem Bergische Nachhilfeschule \u00e7evrimi\u00e7i portal\u0131 (https:\/\/www.bergische-nachhilfeschule.de) \u00fczerinden akdedilen s\u00f6zle\u015fmeler hem de Bergische Nachhilfeschule lokasyonlar\u0131nda akdedilen s\u00f6zle\u015fmeler i\u00e7in ge\u00e7erlidir.  <\/p>\n<p>Bu GTC&#8217;ye https:\/\/bergische-nachhilfeschule.de\/agb\/ adresinden ula\u015f\u0131labilir.<\/p>\n<p>A\u015fa\u011f\u0131da &#8220;m\u00fc\u015fteri&#8221; terimi kullan\u0131ld\u0131\u011f\u0131nda, bu Bergische Nachhilfeschule&#8217;nin s\u00f6zle\u015fme orta\u011f\u0131 anlam\u0131na gelir. &#8220;Kay\u0131tl\u0131 ki\u015fi, kat\u0131l\u0131mc\u0131, \u00f6\u011frenci&#8221;, Bergische Nachhilfeschule taraf\u0131ndan sunulan \u00f6zel ders hizmetlerinden akdedilmi\u015f bir s\u00f6zle\u015fme temelinde yararlanan ki\u015fiyi ifade eder. <\/p>\n<p>A\u015fa\u011f\u0131daki d\u00fczenlemeler Bergische Nachhilfeschule taraf\u0131ndan sunulan t\u00fcm \u00f6zel ders hizmetleri i\u00e7in ge\u00e7erlidir.<\/p>\n<p><strong>2 Misyon beyan\u0131m\u0131z<\/strong><\/p>\n<p>Bergische Nachhilfeschule pedagojik bir konsept izlemektedir. \u00d6zel derslerde ve telafi derslerinde, bilgi eksiklikleri sistematik olarak ele al\u0131n\u0131r ve kapat\u0131l\u0131r. G\u00fcncel okul materyalleri i\u015flenir, tekrar edilir ve derinle\u015ftirilir. Yakla\u015fan s\u0131n\u0131f testleri ve s\u0131navlar hedefe y\u00f6nelik bir \u015fekilde haz\u0131rlan\u0131r. Dersler, \u00f6\u011frencileri \u00f6\u011frenmekten keyif almaya te\u015fvik edecek ve \u00f6zg\u00fcvenlerini art\u0131racak \u015fekilde tasarlanm\u0131\u015ft\u0131r, b\u00f6ylece \u00f6zel ders kullan\u0131m\u0131 b\u00fcy\u00fck \u00f6l\u00e7\u00fcde s\u0131n\u0131rl\u0131 kal\u0131r ve \u00f6\u011frenciler okul \u00f6devleriyle ba\u011f\u0131ms\u0131z olarak ba\u015fa \u00e7\u0131kmaya haz\u0131rlan\u0131r.    <\/p>\n<p>Cinsiyet, etnik k\u00f6ken, dini inan\u00e7lar, milliyet, ki\u015fisel ideoloji, cinsel veya siyasi y\u00f6nelime dayal\u0131 her t\u00fcrl\u00fc ayr\u0131mc\u0131l\u0131\u011fa kesinlikle kar\u015f\u0131y\u0131z.Bu ilkelerin ihlali, bir uyar\u0131n\u0131n ard\u0131ndan bildirimde bulunmaks\u0131z\u0131n s\u00f6zle\u015fmenin feshedilmesine yol a\u00e7abilir.<\/p>\n<p><strong>3. genel ger\u00e7ekle\u015ftirme<\/strong><\/p>\n<p><strong>Biz ne sunuyoruz?<br \/><\/strong>Bergische Nachhilfeschule bireysel dersler, grup dersleri ve online dersler sunmaktad\u0131r.<\/p>\n<p><strong>\u00d6zel e\u011fitimden kimler yararlanabilir?<br \/><\/strong>Yaln\u0131zca \u00f6zel ders i\u00e7in kay\u0131tl\u0131 olan ki\u015fi s\u00f6zle\u015fmeye uygun olarak hizmetlerden yararlanabilir. \u00dc\u00e7\u00fcnc\u00fc \u015fah\u0131slar taraf\u0131ndan kullan\u0131lmas\u0131na izin verilmez. <\/p>\n<p><strong>Dersleri y\u00fcr\u00fctmek i\u00e7in kim yetkilidir?<br \/><\/strong>Bergische Nachhilfeschule, s\u00f6zle\u015fmeden do\u011fan y\u00fck\u00fcml\u00fcl\u00fcklerin serbest \u00e7al\u0131\u015fanlar ve uzman \u00fc\u00e7\u00fcnc\u00fc \u015fah\u0131slar taraf\u0131ndan yerine getirilmesi konusunda yetkilidir.<\/p>\n<p><strong>Hangi \u00f6\u011frenme materyallerini kullan\u0131yoruz ve bunlar\u0131 nas\u0131l kullan\u0131yoruz?<br \/><\/strong>Devlet okulunun \u00f6\u011frenme materyallerine ek olarak, derslerde ba\u015fka \u00f6\u011frenme materyalleri de kullan\u0131l\u0131r ve bunlar yaln\u0131zca Bergische Nachhilfeschule&#8217;ye dan\u0131\u015f\u0131ld\u0131ktan ve onun onay\u0131 al\u0131nd\u0131ktan sonra \u00e7o\u011falt\u0131labilir veya \u00fc\u00e7\u00fcnc\u00fc \u015fah\u0131slara verilebilir.<\/p>\n<p><strong><br \/>Dersler s\u0131ras\u0131nda nas\u0131l davranmal\u0131y\u0131z?<\/strong>Bergische Nachhilfeschule, t\u00fcm m\u00fc\u015fterilerin menfaati i\u00e7in, uygunsuz davran\u0131\u015flar (di\u011fer \u00f6\u011frencilere veya \u00f6\u011fretmenlere kar\u015f\u0131 ayr\u0131mc\u0131l\u0131k, di\u011fer \u00f6\u011frencilere zarar verme) durumunda, \u00f6deme y\u00fck\u00fcml\u00fcl\u00fc\u011f\u00fcn\u00fc azaltmadan, bir uyar\u0131dan sonra \u00f6\u011frenciyi o g\u00fcn i\u00e7in dersten \u00e7\u0131karma hakk\u0131na sahiptir.<strong><\/strong><\/p>\n<p><strong><br \/>Dersimi nas\u0131l de\u011fi\u015ftirebilirim?<\/strong>Derslerin organizasyonuna ve ders konusuna ili\u015fkin de\u011fi\u015fiklik talepleri her zaman kabul edilecek ve m\u00fcmk\u00fcn oldu\u011funda dikkate al\u0131nacakt\u0131r. S\u00f6zle\u015fme anla\u015fmalar\u0131ndaki de\u011fi\u015fiklik taleplerinin dikkate al\u0131nabilmesi i\u00e7in m\u00fcmk\u00fcnse 30 g\u00fcn \u00f6nceden Bergische Nachhilfeschule&#8217;ye iletilmesi gerekmektedir.<strong><\/strong> <\/p>\n<p><strong><br \/>Grup b\u00fcy\u00fckl\u00fc\u011f\u00fc ve ders s\u00fcresi<\/strong>\u00d6zel ders ve destek dersleri, evde bireysel dersler, \u00e7evrimi\u00e7i veya lokasyonlar\u0131m\u0131zda bireysel veya grup dersleri \u015feklinde ger\u00e7ekle\u015fir. Bir ders 45 veya 60 dakika s\u00fcrer. Bir ders \u00fcnitesi genellikle 90 veya 120 dakika s\u00fcrer.<strong><\/strong>  <\/p>\n<p><strong><br \/>K\u00fc\u00e7\u00fck \u00f6\u011frenme gruplar\u0131nda bireyselle\u015ftirilmi\u015f destek<\/strong>\u00d6zel ders ve destek dersleri de 2-3 \u00f6\u011frenciden olu\u015fan k\u00fc\u00e7\u00fck \u00f6\u011frenme gruplar\u0131nda ger\u00e7ekle\u015ftirilir. \u0130stisnai durumlarda, bu say\u0131 s\u0131n\u0131rl\u0131 bir s\u00fcre i\u00e7in bir deneme \u00f6\u011frencisi ile art\u0131r\u0131labilir.<strong><\/strong> <\/p>\n<p>Ge\u00e7ici olarak en az \u00fc\u00e7 \u00f6\u011frenciden olu\u015fan bir \u00f6\u011frenme grubu yoksa, ders s\u00fcresi 45 ya da 60 dakikal\u0131k tek bir ders i\u00e7in 15 dakika, 90 ya da 120 dakikal\u0131k \u00e7ift bir ders i\u00e7in 30 dakika azalt\u0131l\u0131r.<\/p>\n<p><strong><br \/>Okul tatilleri<\/strong>Dersler, Noel tatili, G\u00fcl Pazartesisi, Maundy Per\u015fembe&#8217;den Paskalya Sal\u0131&#8217;ya kadar olan d\u00f6nem ve ilgili federal eyaletteki resmi tatiller hari\u00e7 t\u00fcm tatillerde ger\u00e7ekle\u015ftirilebilir. Yaz tatillerinde dersler, kapsam\u0131 s\u00f6zle\u015fmeyle kararla\u015ft\u0131r\u0131lan derslere kar\u015f\u0131l\u0131k gelen yo\u011fun kurslar \u015feklinde ger\u00e7ekle\u015fir. \u00d6zel bir teklif i\u00e7in rezervasyon yap\u0131lmad\u0131\u011f\u0131 s\u00fcrece, yaz tatillerinde bu dersler i\u00e7in normal \u00fccretler ge\u00e7erlidir.<strong><\/strong>  <\/p>\n<p><strong>4. eksik saatler<\/strong><\/p>\n<p>Mazeretli devams\u0131zl\u0131k durumlar\u0131nda (hastal\u0131k veya okul etkinlikleri, stajlar vb. gibi di\u011fer hakl\u0131 durumlar), sistematik destek sa\u011flamak i\u00e7in m\u00fcmk\u00fcn oldu\u011funca yedek dersler sa\u011flamaya \u00e7al\u0131\u015f\u0131yoruz. Ancak bu konuda herhangi bir hak s\u00f6z konusu de\u011fildir. Devams\u0131zl\u0131klar, nedeni ne olursa olsun, \u00f6\u011frenciye \u00f6\u011frenim \u00fccretlerinde indirim hakk\u0131 vermez.  <\/p>\n<p><strong><br \/>Son iptal tarihi<\/strong>Prensip olarak, herhangi bir devams\u0131zl\u0131k, derslerin ba\u015flamas\u0131ndan en az 24 saat \u00f6nce, ancak en ge\u00e7 bir \u00f6nceki g\u00fcn saat 15:00&#8217;e kadar bildirilmeli ve a\u00e7\u0131k\u00e7a mazeret g\u00f6sterilmelidir.<strong><\/strong><\/p>\n<p>(\u00f6rne\u011fin Sal\u0131 g\u00fcn\u00fc \u00f6\u011flen 12&#8217;deki dersler: en ge\u00e7 bir \u00f6nceki g\u00fcn\u00fcn \u00f6\u011flen 12&#8217;sinde iptal edilir, Sal\u0131 g\u00fcn\u00fc saat 17:00&#8217;deki dersler: en ge\u00e7 bir \u00f6nceki g\u00fcn\u00fcn saat 15:00&#8217;inde iptal edilir).<\/p>\n<p>Bu durum \u00f6zellikle e\u011fitim paketi i\u00e7in ge\u00e7erlidir.<\/p>\n<p>\u0130ptal edilen dersler e\u011fitim paketi \u00fczerinden \u00f6denemez. Ebeveynler ortaya \u00e7\u0131kan masraflar\u0131 kendileri kar\u015f\u0131lamak zorundad\u0131r. Bu durum, bir g\u00fcn \u00f6ncesinden saat 15:00&#8217;e kadar zaman\u0131nda yap\u0131lan iptaller i\u00e7in de ge\u00e7erlidir.  <\/p>\n<p>\u0130ptal edilen dersler s\u00f6zle\u015fme orta\u011f\u0131na fatura edilecektir (e\u011fitim paketi s\u00f6z konusu oldu\u011funda, s\u00f6zle\u015fme orta\u011f\u0131 \u00f6\u011frencinin yasal velisi veya yeti\u015fkin \u00f6\u011frenciler s\u00f6z konusu oldu\u011funda \u00f6\u011frencinin kendisidir). <\/p>\n<p>Bu nedenle zaman\u0131nda iptal edilmeyen randevular i\u00e7in \u00f6deme yap\u0131lmal\u0131d\u0131r ve e\u011fitim paketi kullan\u0131l\u0131yorsa m\u00fc\u015fteriye fatura edilecektir. \u00d6zel m\u00fc\u015fteriler i\u00e7in ders verilmi\u015f say\u0131l\u0131r. \u0130ptal edilen ders daha sonra toplam tutardan d\u00fc\u015f\u00fclecektir.  <\/p>\n<p><strong><br \/>Bergische Nachhilfeschule taraf\u0131ndan iptal<\/strong>Bergische Nachhilfeschule&#8217;nin derslerin iptalinden sorumlu olmas\u0131 durumunda, dersler m\u00fcmk\u00fcn oldu\u011funca telafi edilecektir.<strong><\/strong><\/p>\n<p>Bergische Nachhilfeschule&#8217;nin dersleri telafi etmesi m\u00fcmk\u00fcn de\u011filse, \u00f6deme zaten yap\u0131lm\u0131\u015fsa masraflar iade edilecek veya \u00fcnite d\u00fczenleme ile &#8220;sona eklenecektir&#8221;.<\/p>\n<p>Bu durumda, \u00f6\u011frenci veya yasal temsilcisi yedek dersler i\u00e7in teklif edilen tarihlerden 3&#8217;\u00fcn\u00fc kabul etmez ve uygulanabilir herhangi bir yedek tarih \u00f6nermezse, yedek ders verilmeyecek ve ka\u00e7\u0131r\u0131lan dersin \u00fccreti \u00f6denecektir.<\/p>\n<p><strong>5 Fiyatlar ve \u00f6deme ko\u015fullar\u0131, \u00f6deme temerr\u00fcd\u00fc<\/strong><\/p>\n<p>S\u00f6zle\u015fmede kararla\u015ft\u0131r\u0131lan fiyatlar ve \u00f6deme ko\u015fullar\u0131 ge\u00e7erli olacakt\u0131r. Fiyatlar net fiyatlard\u0131r; buna ek olarak, m\u00fc\u015fteri ge\u00e7erli katma de\u011fer vergisini \u00f6demekle y\u00fck\u00fcml\u00fcd\u00fcr. IEC-International Education Centres GmbH&#8217;nin Bergische Nachhilfeschule ile \u00f6zel ders alan\u0131ndaki hizmetleri \u015fu anda UStG \u00a7 4 No. 21 a) uyar\u0131nca KDV&#8217;den muaft\u0131r.  <\/p>\n<p><strong><br \/>Vade<\/strong><strong>tarihi ve \u00f6deme \u015fekli<\/strong>Vadeli bir s\u00f6zle\u015fmenin cari primleri her ay\u0131n 1. veya 2. g\u00fcn\u00fc \u00f6denir.<strong><\/strong><\/p>\n<p>bir ay \u00f6ncesinden. S\u00f6zle\u015fme orta\u011f\u0131 taraf\u0131ndan bor\u00e7lan\u0131lan tutarlar <\/p>\n<p>\u00d6demeler, ba\u015fka bir \u00f6deme y\u00f6ntemi kararla\u015ft\u0131r\u0131lmad\u0131\u011f\u0131 s\u00fcrece SEPA otomatik \u00f6deme ile tahsil edilir. Herhangi bir kay\u0131t \u00fccreti, ilk ayl\u0131k otomatik \u00f6deme ile birlikte bor\u00e7land\u0131r\u0131lacakt\u0131r. <\/p>\n<p>M\u00fc\u015fteri SEPA otomatik \u00f6deme d\u0131\u015f\u0131nda bir \u00f6deme y\u00f6ntemi kullanmak isterse, \u00fccretin \u00f6demesi en ge\u00e7 ay\u0131n 3. i\u015f g\u00fcn\u00fcne kadar pe\u015fin olarak yap\u0131lmal\u0131d\u0131r. Ko\u015fullu bir s\u00f6zle\u015fme i\u00e7in \u00f6denmesi gereken toplam tutar, \u00f6zel dersin ba\u015flamas\u0131ndan \u00f6nce SEPA otomatik \u00f6deme ile tahsil edilecektir veya m\u00fc\u015fteri taraf\u0131ndan \u00f6zel dersin ba\u015flang\u0131c\u0131nda \u00f6denmelidir.<\/p>\n<p>\u00d6demeler, s\u00f6zle\u015fme imzaland\u0131\u011f\u0131nda m\u00fc\u015fteriye bildirilen hesaba, m\u00fc\u015fteri ve s\u00f6zle\u015fme numaras\u0131 belirtilerek yap\u0131lmal\u0131d\u0131r.<\/p>\n<p><strong><br \/>\u0130ade edilen otomatik<\/strong>\u00f6demeler M\u00fc\u015fteri, iade edilen otomatik \u00f6demelerin masraflar\u0131n\u0131 kar\u015f\u0131layacakt\u0131r. Bu masraflar, y\u00f6netim masraflar\u0131 da dahil olmak \u00fczere m\u00fc\u015fteriden 20 \u20ac olarak tahsil edilecektir.<strong><\/strong> <\/p>\n<p><strong><br \/>\u0130ptal s\u00fcreleri Belirli s\u00fcreli s\u00f6zle\u015fmeler i\u00e7in s\u00f6zle\u015fmeye uygun olarak<\/strong><strong>iptal<\/strong>s\u00fcreleri ge\u00e7erlidir.<\/p>\n<p>\u0130ptal i\u015flemi metin \u015feklinde yap\u0131lmal\u0131d\u0131r.<\/p>\n<p>Rezervasyonu yap\u0131lan paketler i\u00e7in iptal s\u00fcresi yoktur. Bunlar ba\u011flay\u0131c\u0131 olarak rezerve edilir ve ge\u00e7erlilik s\u00fcresi i\u00e7inde kullan\u0131l\u0131r. Kullan\u0131lmad\u0131klar\u0131 takdirde, saatler rezervasyondan bir y\u0131l sonra iptal edilir.  <\/p>\n<p>Paket rezervasyonlar ba\u011flay\u0131c\u0131d\u0131r ve zaman\u0131nda etkin bir \u015fekilde iptal edilmedikleri takdirde iptal edilemezler.Bu durumda m\u00fc\u015fteri, \u00fccretli saatleri kalan saatlerle birlikte mi kullanmak istedi\u011fini yoksa bunlar\u0131n ge\u00e7mesine izin mi verece\u011fini belirtmelidir.<\/p>\n<p>Hizmet kullan\u0131ld\u0131ktan sonra iptal veya geri alma art\u0131k m\u00fcmk\u00fcn de\u011fildir. Bu, ilk yerle\u015ftirme ve \u00f6\u011fretmenle temas ile ba\u015flar. <\/p>\n<p><strong><br \/>\u0130ptal masraflar\u0131<\/strong>Kararla\u015ft\u0131r\u0131lan bir s\u00fcre ve ayl\u0131k \u00f6deme veya paket sat\u0131n alma durumunda, erken iptal talebinde bulunulursa ve Bergische Nachhilfeschule erken iptali kabul ederse, Bergische Nachhilfeschule bir tazminat \u00f6demesi talep etme hakk\u0131na sahiptir.<strong><\/strong><\/p>\n<p>Bu tutar, paket sat\u0131n al\u0131nmas\u0131 durumunda kalan s\u00fcre veya kalan saatler i\u00e7in kararla\u015ft\u0131r\u0131lan e\u011fitim \u00fccretlerinin %50&#8217;sine tekab\u00fcl eder. Tazminat\u0131n \u00f6denmesinden sonra, s\u00f6zle\u015fme derhal ge\u00e7erli olmak \u00fczere iptal edilecek ve her iki taraf\u0131n da art\u0131k herhangi bir y\u00fck\u00fcml\u00fcl\u00fc\u011f\u00fc kalmayacakt\u0131r. Bundan sonra ba\u015fka ders yap\u0131lmayaca\u011f\u0131n\u0131 s\u00f6ylemeye gerek yoktur.\u0130ptal dilek\u00e7esi Bergische Nachhilfeschule&#8217;ye yaz\u0131l\u0131 olarak g\u00f6nderilmelidir.<\/p>\n<p><strong>Bergische Nachhilfeschule ola\u011fan\u00fcst\u00fc iptal bildirimini nas\u0131l yapabilir?<br \/><\/strong>Bergische Nachhilfeschule, ayl\u0131k \u00fccretlerin iki aydan uzun s\u00fcre \u00f6denmemesi, \u00f6\u011frencinin okul kurallar\u0131n\u0131 ihlal etmesi veya di\u011fer ciddi nedenlerden dolay\u0131 \u00f6\u011frenim s\u00f6zle\u015fmesini hakl\u0131 bir nedenle derhal ge\u00e7erli olmak \u00fczere feshedebilir ve \u00f6\u011frenim \u00fccretini derhal ge\u00e7erli olmak \u00fczere iptal edebilir.<\/p>\n<p>Bu durumda, Bergische Nachhilfeschule sabit oranl\u0131 bir tazminat \u00fccreti talep etme hakk\u0131na sahiptir. Bu \u00fccret, se\u00e7ilen s\u00f6zle\u015fme t\u00fcr\u00fcne ve fiilen kullan\u0131lan s\u00f6zle\u015fme s\u00fcresine g\u00f6re hesaplan\u0131r. Bu \u00fccret, paket sat\u0131n al\u0131mlarda kalan s\u00fcre veya kalan saatler i\u00e7in kararla\u015ft\u0131r\u0131lan e\u011fitim \u00fccretlerinin %50&#8217;sine tekab\u00fcl eder. Tazminat \u00f6demesi yap\u0131ld\u0131ktan sonra s\u00f6zle\u015fme derhal ge\u00e7erli olmak \u00fczere iptal edilir ve her iki taraf i\u00e7in de ba\u015fka bir y\u00fck\u00fcml\u00fcl\u00fck kalmaz.   <\/p>\n<p>S\u00f6zle\u015fme orta\u011f\u0131, hi\u00e7bir zarar\u0131n meydana gelmedi\u011fini veya \u00f6nemli \u00f6l\u00e7\u00fcde daha az zarar\u0131n meydana geldi\u011fini kan\u0131tlama hakk\u0131na sahip olacakt\u0131r.<\/p>\n<p><strong><br \/>Derslere g\u00fcvenilmez bir \u015fekilde<\/strong><strong>devam edilmesi durumunda ne olur?<\/strong>Derslere g\u00fcvenilmez bir \u015fekilde devam edilmesi durumunda s\u00f6zle\u015fme Bergische Nachhilfeschule taraf\u0131ndan her zaman erken iptal edilebilir. Ola\u011fan\u00fcst\u00fc iptal ko\u015fullar\u0131 ge\u00e7erlidir.<strong><\/strong><\/p>\n<p><strong>6. veri\u0307 koruma<\/strong><\/p>\n<p>M\u00fc\u015fterinin veya kay\u0131tl\u0131 ki\u015finin verilerinin kullan\u0131m\u0131na izin verilmesi<\/p>\n<p>Bergische Nachhilfeschule, m\u00fc\u015fterinin veya kay\u0131tl\u0131 ki\u015finin ki\u015fisel verilerini, ge\u00e7erli veri koruma d\u00fczenlemelerine uygun olarak s\u00f6zle\u015fme imzaland\u0131\u011f\u0131nda toplar ve kullan\u0131r. Ki\u015fisel veriler, m\u00fc\u015fteri ile mevcut s\u00f6zle\u015fme ili\u015fkisinin i\u015flenmesi amac\u0131yla kullan\u0131l\u0131r. M\u00fc\u015fteri, ki\u015fisel verilerinin bu \u015fekilde toplanmas\u0131na, i\u015flenmesine ve kullan\u0131lmas\u0131na a\u00e7\u0131k\u00e7a r\u0131za g\u00f6sterir. M\u00fc\u015fterinin veya kay\u0131tl\u0131 ki\u015finin ki\u015fisel verilerinin toplanmas\u0131, i\u015flenmesi ve kullan\u0131lmas\u0131, Alman Federal Veri Koruma Yasas\u0131 (BDSG) ve Alman Telemedya Yasas\u0131 (TMG) uyar\u0131nca ger\u00e7ekle\u015ftirilir.   <\/p>\n<p>Bergische Nachhilfeschule, s\u00f6zle\u015fme orta\u011f\u0131n\u0131n kim oldu\u011funu, yani hizmetlerin kime sa\u011flanaca\u011f\u0131n\u0131 ve faturaland\u0131r\u0131laca\u011f\u0131n\u0131 bilmek i\u00e7in m\u00fc\u015fterinin ad\u0131n\u0131 ve adresini ister;<\/p>\n<p>S\u00f6zle\u015fmenin kimin lehine yap\u0131ld\u0131\u011f\u0131n\u0131, yani \u00f6zel derse kimin kat\u0131ld\u0131\u011f\u0131n\u0131 bilmek i\u00e7in kay\u0131tl\u0131 ki\u015finin ad\u0131 ve adresi gereklidir;<\/p>\n<p>\u0130leti\u015fim bilgileri (e-posta adresi ve telefon numaras\u0131) gerekli sorular i\u00e7in gereklidir. Bu bilgiler ayr\u0131ca, m\u00fc\u015fterinin onay vermesi ko\u015fuluyla, bilgi ve g\u00fcncellemeleri, teklifleri veya di\u011fer pazarlama \u00f6nlemlerini almak i\u00e7in de kullan\u0131l\u0131r; <\/p>\n<p>Kay\u0131tl\u0131 ki\u015fiyi uygun \u00f6\u011frenim gruplar\u0131na ay\u0131rabilmek i\u00e7in devam etti\u011fi okulun ayr\u0131nt\u0131lar\u0131, okul t\u00fcr\u00fc ve s\u0131n\u0131f seviyesi gereklidir.<\/p>\n<p>\u0130lk ileti\u015fim formunda toplanan di\u011fer veriler yaln\u0131zca optimum pedagojik destekle m\u00fcmk\u00fcn olan en iyi \u00f6\u011fretimi sa\u011flamak i\u00e7in kullan\u0131lacakt\u0131r. Toplanan verilerin hi\u00e7biri \u00fc\u00e7\u00fcnc\u00fc taraflara aktar\u0131lmayacakt\u0131r. <\/p>\n<p>Hesap bilgileri, m\u00fc\u015fteri SEPA otomatik \u00f6deme talimat\u0131 vermi\u015fse, kararla\u015ft\u0131r\u0131lan \u00fccretleri tahsil edebilmek i\u00e7in gereklidir.<\/p>\n<p><strong>7. E\u011fitim paketine kay\u0131t olma zorunlulu\u011fu<\/strong><\/p>\n<p>E\u011fitim paketinden yararlan\u0131rken, ebeveynler\/veliler, izin verilmesine neden olan yard\u0131mlar\u0131 art\u0131k almamalar\u0131 durumunda Bergische Nachhilfeschule&#8217;yi zaman\u0131nda bilgilendirmeyi taahh\u00fct ederler &#8211; uygunluk sona erer.Aksi takdirde, art\u0131k e\u011fitim paketi taraf\u0131ndan kar\u015f\u0131lanamayan derslerin masraflar\u0131n\u0131 kendileri \u00f6demeyi taahh\u00fct ederler. Bu nedenle, e\u011fitim paketi taraf\u0131ndan \u00f6denmeyen t\u00fcm dersler ebeveynler veya veliler taraf\u0131ndan \u00f6denmelidir.<\/p>\n<p>Bergische Nachhilfeschule ayr\u0131ca sadece ba\u015fvuruyu yapan ebeveyn veya yasal vasinin \u00f6\u011frenim deste\u011fi faturas\u0131n\u0131 da imzalayabilece\u011fini belirtmek ister.<\/p>\n<p>Aksi takdirde, \u00f6zel olarak kullan\u0131lan hizmetleri faturaland\u0131rma hakk\u0131m\u0131z\u0131 sakl\u0131 tutar\u0131z<\/p>\n<p>\u00d6\u011frencilerin yasal velileri, resmi makamlar taraf\u0131ndan talep edilen belgeleri zaman\u0131nda imzalamakla y\u00fck\u00fcml\u00fcd\u00fcr. Aksi takdirde, kullan\u0131lan saatler i\u00e7in \u00f6zel \u00fccret talep etme hakk\u0131m\u0131z sakl\u0131d\u0131r.<\/p>\n<p><strong>8. ni\u0307hai\u0307 h\u00fck\u00fcmler<\/strong><\/p>\n<p>Hi\u00e7bir s\u00f6zl\u00fc teminat anla\u015fmas\u0131 yap\u0131lmam\u0131\u015ft\u0131r. S\u00f6zl\u00fc anla\u015fmalardan kaynaklanan bu s\u00f6zle\u015fmede sonradan yap\u0131lacak her t\u00fcrl\u00fc de\u011fi\u015fiklik, ispat a\u00e7\u0131s\u0131ndan yaz\u0131l\u0131 olarak kaydedilmelidir. <\/p>\n<p>Bu G\u015eK&#8217;nin bir veya daha fazla h\u00fckm\u00fcn\u00fcn yasal olarak ge\u00e7ersiz olmas\u0131 veya ge\u00e7ersiz hale gelmesi, bir bo\u015fluk olmas\u0131 veya s\u00f6zle\u015fme h\u00fck\u00fcmlerinden birinin uygulanamaz oldu\u011fu ortaya \u00e7\u0131karsa, bu durum di\u011fer h\u00fck\u00fcmlerin veya G\u015eK&#8217;nin yasal ge\u00e7erlili\u011fini etkilemeyecektir.<\/p>\n<p>Bergische Nachhilfeschule, bir t\u00fcketici hakem heyeti nezdindeki uyu\u015fmazl\u0131k \u00e7\u00f6z\u00fcm i\u015flemlerine kat\u0131lmaya ne istekli ne de zorunludur.<\/p>\n<p><strong>9. \u00c7evrimi\u00e7i olarak yap\u0131lan s\u00f6zle\u015fmeler \/ rezervasyonlar i\u00e7in iptal politikas\u0131<\/strong><\/p>\n<p>\u00c7evrimi\u00e7i portal https:\/\/www.bergische-nachhilfeschule.de kullan\u0131larak bir s\u00f6zle\u015fme imzalan\u0131rsa, m\u00fc\u015fteri, t\u00fcketici ise, yasal h\u00fck\u00fcmlere ve a\u015fa\u011f\u0131daki iptal politikas\u0131na uygun olarak iptal hakk\u0131na sahiptir.<\/p>\n<p><strong><br \/>\u0130ptal hakk\u0131<\/strong>S\u00f6zle\u015fmeyi on d\u00f6rt g\u00fcn i\u00e7inde herhangi bir sebep g\u00f6stermeksizin iptal etme hakk\u0131na sahipsiniz. \u0130ptal s\u00fcresi, s\u00f6zle\u015fmenin imzaland\u0131\u011f\u0131 g\u00fcnden itibaren on d\u00f6rt g\u00fcnd\u00fcr.<strong><\/strong> <\/p>\n<p>\u0130ptal hakk\u0131n\u0131z\u0131 kullanmak i\u00e7in, bize IEC-International Education Centers GmbH, Lise-Meitner-Str. 5-9 42119 Wuppertal, telefon: 0202\/2615877-1, faks: 0202\/2615877-9, info@bergische-nachhilfeschule.de, bu s\u00f6zle\u015fmeyi iptal etme karar\u0131n\u0131z\u0131 a\u00e7\u0131k bir beyanla (\u00f6rne\u011fin posta, faks veya e-posta ile g\u00f6nderilen bir mektup) bildirmelisiniz. <\/p>\n<p>Son iptal tarihine uymak i\u00e7in, iptal hakk\u0131n\u0131z\u0131 kulland\u0131\u011f\u0131n\u0131za dair bildiriminizi iptal s\u00fcresi dolmadan \u00f6nce g\u00f6ndermeniz yeterlidir.<\/p>\n<p><strong><br \/>\u0130ptalin<\/strong><strong>sonu\u00e7lar\u0131<\/strong>Bu s\u00f6zle\u015fmeyi iptal etmeniz halinde, sizden ald\u0131\u011f\u0131m\u0131z t\u00fcm \u00f6demeleri gecikmeksizin ve her hal\u00fckarda bu s\u00f6zle\u015fmeyi iptal etme karar\u0131n\u0131z hakk\u0131nda bilgilendirildi\u011fimiz g\u00fcnden itibaren en ge\u00e7 14 g\u00fcn i\u00e7inde size geri \u00f6deyece\u011fiz. Bu geri \u00f6deme i\u00e7in, sizinle a\u00e7\u0131k\u00e7a aksi kararla\u015ft\u0131r\u0131lmad\u0131k\u00e7a, orijinal i\u015flem i\u00e7in kulland\u0131\u011f\u0131n\u0131z ayn\u0131 \u00f6deme y\u00f6ntemlerini kullanaca\u011f\u0131z; hi\u00e7bir durumda bu geri \u00f6deme i\u00e7in sizden herhangi bir \u00fccret talep edilmeyecektir.<strong><\/strong> <\/p>\n<p>Rezervasyonu yap\u0131lan hizmet iptal s\u00fcresi i\u00e7inde ba\u015flarsa veya rezervasyon hizmetin ba\u015flamas\u0131ndan 14 g\u00fcn \u00f6ncesine kadar yap\u0131l\u0131rsa, rezervasyonu yap\u0131lan hizmet i\u00e7in tam \u00fccret \u00f6denir.<\/p>\n<p>Bu durumda iptal art\u0131k m\u00fcmk\u00fcn de\u011fildir.<\/p>\n<p><strong>10 \u00c7evrimi\u00e7i \u00f6zel ders i\u00e7in tamamlay\u0131c\u0131 h\u00fck\u00fcmler<\/strong><\/p>\n<p><strong><br \/>S\u00f6zle\u015fmenin imzalanmas\u0131 (yaln\u0131zca \u00e7evrimi\u00e7i \u00f6zel ders i\u00e7in ge\u00e7erlidir)<\/strong>Web sitesinde kullan\u0131lan\/se\u00e7ilen dil, s\u00f6zle\u015fmenin imzalanmas\u0131 i\u00e7in kullan\u0131labilir.<strong><\/strong><\/p>\n<p>\u00c7evrimi\u00e7i portal https:\/\/www.bergische-nachhilfeschule.de kullan\u0131ld\u0131\u011f\u0131nda, a\u015fa\u011f\u0131daki teknik ad\u0131mlar bir s\u00f6zle\u015fmenin imzalanmas\u0131na yol a\u00e7ar:<\/p>\n<p>M\u00fc\u015fteri taraf\u0131ndan se\u00e7ilen teklifler i\u00e7in rezervasyon yap\u0131larak https:\/\/www.bergische-nachhilfeschule.de \u00e7evrimi\u00e7i portal\u0131nda ba\u011flay\u0131c\u0131 rezervasyon.<\/p>\n<p>Bu nedenle, s\u00f6zle\u015fmenin imzalanmas\u0131 i\u00e7in \u00e7evrimi\u00e7i bir elektronik sipari\u015f s\u00fcreci sa\u011flanmaktad\u0131r. Sipari\u015f s\u00fcrecinden ge\u00e7tikten ve ilgili i\u015farete t\u0131klayarak bu G\u015eK&#8217;yi onaylad\u0131ktan sonra, m\u00fc\u015fteri &#8220;\u015eimdi ay\u0131rt&#8221; d\u00fc\u011fmesine t\u0131klayarak yasal olarak ba\u011flay\u0131c\u0131 bir sipari\u015f verir. M\u00fc\u015fteri, sipari\u015fin al\u0131nd\u0131\u011f\u0131na dair e-posta ile derhal bilgilendirilecektir (sipari\u015f onay\u0131). Bu sipari\u015f onay\u0131 ayr\u0131ca bu Genel H\u00fck\u00fcm ve Ko\u015fullara ve iptal hakk\u0131na ili\u015fkin talimatlara (iptal politikas\u0131) ba\u015fka bir ba\u011flant\u0131 i\u00e7erir.   <\/p>\n<p>S\u00f6zle\u015fmeyi onaylamak i\u00e7in m\u00fc\u015fteri Bergische Nachhilfeschule&#8217;den bir onay e-postas\u0131 al\u0131r. Bergische Nachhilfeschule, 14 i\u015f g\u00fcn\u00fc i\u00e7inde bir iptal onay\u0131 g\u00f6ndererek sipari\u015fi iptal etme veya sebep g\u00f6stermeksizin sipari\u015fi kabul etmeme hakk\u0131na sahiptir. M\u00fc\u015fteri, sipari\u015fin kabul edilmemesi durumunda yukar\u0131da belirtilen s\u00fcre i\u00e7inde e-posta ile bilgilendirilecektir.  <\/p>\n<p><strong><br \/>Uygulama ve zamanlama (yaln\u0131zca \u00e7evrimi\u00e7i \u00f6zel ders i\u00e7in ge\u00e7erlidir) Yaln\u0131zca<\/strong>\u00f6zel ders i\u00e7in kay\u0131tl\u0131 olan ki\u015fi s\u00f6zle\u015fmeye uygun olarak hizmetlerden yararlanabilir. \u00dc\u00e7\u00fcnc\u00fc \u015fah\u0131slar taraf\u0131ndan kullan\u0131lmas\u0131na izin verilmez. Eri\u015fim verilerinin \u00fc\u00e7\u00fcnc\u00fc taraflara aktar\u0131lmas\u0131 veya eri\u015fimin kay\u0131tl\u0131 olmayan di\u011fer ki\u015filer taraf\u0131ndan kullan\u0131lmas\u0131 yasakt\u0131r. Su\u00e7 i\u015flenmesi durumunda eri\u015fim engellenebilir.   <\/p>\n<p>Teklifler yaln\u0131zca \u00f6zel ama\u00e7lar i\u00e7in kullan\u0131labilir; ticari veya end\u00fcstriyel kullan\u0131m veya halka a\u00e7\u0131k sunuma yaln\u0131zca Bergische Nachhilfeschule&#8217;nin a\u00e7\u0131k izni ile izin verilir.<\/p>\n<p>Bireysel dersler i\u00e7in \u00e7evrimi\u00e7i \u00f6zel ders randevular\u0131: M\u00fc\u015fteri veya kay\u0131tl\u0131 ki\u015fi, e-\u00f6\u011fretmeniyle \u00e7evrimi\u00e7i \u00f6zel dersin kullan\u0131m\u0131 i\u00e7in ilgili zaman\u0131 kararla\u015ft\u0131rmal\u0131d\u0131r. Kay\u0131tl\u0131 ki\u015fi, kararla\u015ft\u0131r\u0131lan tarihte zaman\u0131nda giri\u015f yapmal\u0131d\u0131r. Belirli bir tarih veya belirli bir \u00f6\u011fretmen i\u00e7in hak yoktur.  <\/p>\n<p>Ba\u011flay\u0131c\u0131 bir sipari\u015fin ard\u0131ndan \u00f6\u011frenci i\u00e7in bir Microsoft 365 hesab\u0131 olu\u015fturulacakt\u0131r.<\/p>\n<p>\u00d6\u011frenciye veya yasal vasisine sanal s\u0131n\u0131f veya Office portal\u0131 i\u00e7in eri\u015fim verileri g\u00f6nderilecektir.<\/p>\n<p>Olu\u015fturulan hesap veya eri\u015fim verileri yaln\u0131zca Bergische Nachhilfeschule&#8217;de ders verme amac\u0131yla kullan\u0131labilir. Bunlar \u00fc\u00e7\u00fcnc\u00fc \u015fah\u0131slara aktar\u0131lamaz. Herhangi bir ihlal, ceza ve veri koruma yasas\u0131 uyar\u0131nca kovu\u015fturulacakt\u0131r.  <\/p>\n<p><strong><br \/>\u00c7evrimi\u00e7i bir hizmeti kullanmak i\u00e7in teknik gereksinimler (yaln\u0131zca \u00e7evrimi\u00e7i \u00f6zel ders i\u00e7in ge\u00e7erlidir)<\/strong>Bergische Nachhilfeschule, Bergische Nachhilfeschule taraf\u0131ndan sunulan \u00e7evrimi\u00e7i \u00f6zel ders hizmetlerini kullanmak i\u00e7in m\u00fc\u015fteri taraf\u0131ndan belirli teknik gereksinimlerin kar\u015f\u0131lanmas\u0131 gerekti\u011fini belirtmek ister. Bergische Nachhilfeschule taraf\u0131ndan sa\u011flanan eri\u015fimi kullanarak mutab\u0131k kal\u0131nan hizmetlerden yararlanabilmek i\u00e7in, masraflar\u0131 kendisine ait olmak \u00fczere, kendisi veya kay\u0131tl\u0131 ki\u015fi i\u00e7in teknik gereklilikleri olu\u015fturmak m\u00fc\u015fterinin sorumlulu\u011fundad\u0131r. Gereksinimler https:\/\/www.bergische-nachhilfeschule.de adresinde bulunabilir.  <\/p>\n<p>Bergische Nachhilfeschule, \u00e7evrimi\u00e7i kurslar\u0131n sa\u011flanmas\u0131 i\u00e7in kullan\u0131lan yaz\u0131l\u0131m\u0131 daha da geli\u015ftirme veya de\u011fi\u015ftirme ve b\u00f6ylece s\u00fcrekli ilerleyen teknik geli\u015fmelere uyarlama hakk\u0131n\u0131 sakl\u0131 tutar. B\u00f6yle bir durumda, \u00f6nceden bilgilendirildikten sonraki bir ay i\u00e7inde teknik altyap\u0131lar\u0131nda gerekli ayarlamalar\u0131 masraflar\u0131 kendilerine ait olmak \u00fczere yapmak m\u00fc\u015fterinin sorumlulu\u011fundad\u0131r. M\u00fc\u015fteri, gerekli ayarlamalar\u0131 yapmas\u0131n\u0131n m\u00fcmk\u00fcn olmamas\u0131 halinde, ilgili bildirimi ald\u0131ktan sonra bir ayl\u0131k s\u00fcre i\u00e7inde s\u00f6zle\u015fmeyi feshetme hakk\u0131na sahiptir.  <\/p>\n<p>Bergische Nachhilfeschule, interneti kullan\u0131rken ve veri aktar\u0131rken tam koruma sa\u011flaman\u0131n m\u00fcmk\u00fcn olmad\u0131\u011f\u0131n\u0131 belirtmek ister. Sistemlerinin g\u00fcvenli\u011fini sa\u011flamak i\u00e7in gerekli \u00f6nlemleri almak m\u00fc\u015fterinin sorumlulu\u011fundad\u0131r. <\/p>\n<p>Bergische Nachhilfeschule veya IEC-International Education Centres GmbH hizmetlerinin kullan\u0131m\u0131, internette \u00fccretsiz olarak bulunan yaz\u0131l\u0131m uygulamalar\u0131n\u0131n (\u00fc\u00e7\u00fcnc\u00fc taraf yaz\u0131l\u0131m\u0131) kullan\u0131lmas\u0131n\u0131 gerektirir. Bu yaz\u0131l\u0131m uygulamalar\u0131n\u0131n indirilmesi ve kurulmas\u0131ndan m\u00fc\u015fteri sorumludur. Yaz\u0131l\u0131m sa\u011flay\u0131c\u0131s\u0131, IEC-International Education Centres GmbH ad\u0131na hareket etmemektedir.  <\/p>\n<p>Bergische Nachhilfeschule, yaz\u0131l\u0131m sa\u011flay\u0131c\u0131s\u0131n\u0131 m\u00fc\u015fteriye kar\u015f\u0131 s\u00f6zle\u015fmeden do\u011fan y\u00fck\u00fcml\u00fcl\u00fcklerini yerine getirmek i\u00e7in kullanmaz.<\/p>\n<p><strong>\u0130ptal politikas\u0131 (\u00e7evrimi\u00e7i portal \u00fczerinden akdedilen s\u00f6zle\u015fmeler i\u00e7in)<\/strong><\/p>\n<p>Bu G\u015eK&#8217;nin 1.2. b\u00f6l\u00fcm\u00fcnde yer alan \u00e7evrimi\u00e7i \u00f6zel dersin ek \u00f6zelliklerine uygun olarak https:\/\/www.bergische-nachhilfeschule.de \u00e7evrimi\u00e7i portal\u0131 kullan\u0131larak bir s\u00f6zle\u015fme imzalan\u0131rsa, t\u00fcketici olmas\u0131 durumunda m\u00fc\u015fteri, yasal h\u00fck\u00fcmler ve a\u015fa\u011f\u0131daki iptal politikas\u0131 uyar\u0131nca iptal hakk\u0131na sahiptir.<\/p>\n<p><strong><br \/>\u0130ptal hakk\u0131<\/strong>S\u00f6zle\u015fmeyi on d\u00f6rt g\u00fcn i\u00e7inde herhangi bir sebep g\u00f6stermeksizin iptal etme hakk\u0131na sahipsiniz. \u0130ptal s\u00fcresi, s\u00f6zle\u015fmenin imzaland\u0131\u011f\u0131 g\u00fcnden itibaren on d\u00f6rt g\u00fcnd\u00fcr.<strong><\/strong> <\/p>\n<p>\u0130ptal hakk\u0131n\u0131z\u0131 kullanmak i\u00e7in, bizi (IEC-International Education Centers GmbH, Lise-Meitner-Str. 5-9 42119 Wuppertal, Telefon: 0202\/2615877-1, Faks: 0202\/2615877-9, info@bergische-nachhilfeschule.de) bu s\u00f6zle\u015fmeyi iptal etme karar\u0131n\u0131zdan kesin bir beyanla (\u00f6rne\u011fin posta, faks veya e-posta ile g\u00f6nderilen bir mektup) haberdar etmelisiniz. Ekteki \u00f6rnek iptal formunu kullanabilirsiniz, ancak bu zorunlu de\u011fildir.  <\/p>\n<p>Son iptal tarihine uymak i\u00e7in, iptal hakk\u0131n\u0131z\u0131 kulland\u0131\u011f\u0131n\u0131za dair bildiriminizi iptal s\u00fcresi dolmadan \u00f6nce g\u00f6ndermeniz yeterlidir.<\/p>\n<p>https:\/\/www.bergische-nachhilfeschule.de\/widerrufsformular\/<\/p>\n<p><strong><br \/>\u0130ptalin<\/strong><strong>sonu\u00e7lar\u0131<\/strong>Bu s\u00f6zle\u015fmeyi iptal etmeniz halinde, teslimat masraflar\u0131 da dahil olmak \u00fczere sizden ald\u0131\u011f\u0131m\u0131z t\u00fcm \u00f6demeleri (taraf\u0131m\u0131zca sunulan en ucuz standart teslimat t\u00fcr\u00fc d\u0131\u015f\u0131nda bir teslimat t\u00fcr\u00fc se\u00e7menizden kaynaklanan ek masraflar hari\u00e7), gereksiz gecikme olmaks\u0131z\u0131n ve her hal\u00fckarda bu s\u00f6zle\u015fmeyi iptal etme karar\u0131n\u0131z hakk\u0131nda bilgilendirildi\u011fimiz g\u00fcnden itibaren en ge\u00e7 14 g\u00fcn i\u00e7inde size geri \u00f6deyece\u011fiz. Bu geri \u00f6deme i\u00e7in, sizinle a\u00e7\u0131k\u00e7a aksi kararla\u015ft\u0131r\u0131lmad\u0131k\u00e7a, orijinal i\u015flem i\u00e7in kulland\u0131\u011f\u0131n\u0131z ayn\u0131 \u00f6deme y\u00f6ntemlerini kullanaca\u011f\u0131z; hi\u00e7bir durumda bu geri \u00f6deme i\u00e7in sizden herhangi bir \u00fccret talep edilmeyecektir.<strong><\/strong> <\/p>\n<p>Hizmetlerin iptal s\u00fcresi i\u00e7inde ba\u015flamas\u0131n\u0131 talep ettiyseniz, bu s\u00f6zle\u015fmeyle ilgili olarak iptal hakk\u0131n\u0131n kullan\u0131ld\u0131\u011f\u0131n\u0131 bize bildirdi\u011finiz zamana kadar halihaz\u0131rda sa\u011flanan hizmetlerin, s\u00f6zle\u015fmede \u00f6ng\u00f6r\u00fclen hizmetlerin toplam kapsam\u0131na oran\u0131na kar\u015f\u0131l\u0131k gelen makul bir tutar\u0131 bize \u00f6demeniz gerekir.<\/p>\n<p>Hesap olu\u015fturulmu\u015fsa, eri\u015fim verileri teslim edilmi\u015fse veya \u00f6\u011fretmen zaten atanm\u0131\u015fsa ya da atanan \u00f6\u011fretmenle randevular, okul sorunlar\u0131, hedefler ve i\u00e7eri\u011fin tart\u0131\u015f\u0131ld\u0131\u011f\u0131 ve \u00f6\u011fretmenin bu nedenle harekete ge\u00e7ti\u011fi bir ileti\u015fim kurulmu\u015fsa, iptal art\u0131k m\u00fcmk\u00fcn de\u011fildir. Ayn\u0131 durum eri\u015fimin veya sanal s\u0131n\u0131f\u0131n halihaz\u0131rda kullan\u0131lm\u0131\u015f olmas\u0131 halinde de ge\u00e7erlidir. Bu durumda hizmet ba\u015flam\u0131\u015f say\u0131l\u0131r.  <\/p>\n\t\t\t\t\t\t\t\t<\/div>\n\t\t\t\t<\/div>\n\t\t\t\t\t<\/div>\n\t\t\t\t<\/div>\n\t\t\t\t<\/div>\n\t\t","protected":false},"excerpt":{"rendered":"<p>Genel H\u00fck\u00fcm ve Ko\u015fullar \/ Okul Y\u00f6netmelikleri Bergische Nachhilfeschule, IEC-International Education Centres GmbH&#8217;nin tescilli ticari markas\u0131d\u0131r 1. uygulama kapsami A\u015fa\u011f\u0131daki Genel H\u00fck\u00fcm ve Ko\u015fullar (G\u015eK), IEC-International Education Centers GmbH, Lise-Meitner-Str. 5-9 42119 Wuppertal ile m\u00fc\u015fterileri aras\u0131ndaki ili\u015fkiyi, Bergische Nachhilfeschule taraf\u0131ndan sunulan \u00f6zel ders hizmetlerine ili\u015fkin t\u00fcm s\u00f6zle\u015fmeler i\u00e7in m\u00fcnhas\u0131ran y\u00f6netir. G\u015eK, hem Bergische Nachhilfeschule \u00e7evrimi\u00e7i [&hellip;]<\/p>\n","protected":false},"author":152,"featured_media":0,"parent":0,"menu_order":0,"comment_status":"closed","ping_status":"closed","template":"","meta":{"_acf_changed":false,"footnotes":""},"class_list":["post-4781","page","type-page","status-publish","hentry"],"acf":[],"yoast_head":"<!-- This site is optimized with the Yoast SEO Premium plugin v25.9 (Yoast SEO v25.9) - https:\/\/yoast.com\/wordpress\/plugins\/seo\/ -->\n<title>GTC - Bergische Nachhilfeschule<\/title>\n<meta name=\"robots\" content=\"index, follow, max-snippet:-1, max-image-preview:large, max-video-preview:-1\" \/>\n<link rel=\"canonical\" href=\"https:\/\/bergische-nachhilfeschule.de\/tr\/gtc\/\" \/>\n<meta property=\"og:locale\" content=\"tr_TR\" \/>\n<meta property=\"og:type\" content=\"article\" \/>\n<meta property=\"og:title\" content=\"GTC\" \/>\n<meta property=\"og:description\" content=\"Genel H\u00fck\u00fcm ve Ko\u015fullar \/ Okul Y\u00f6netmelikleri Bergische Nachhilfeschule, IEC-International Education Centres GmbH&#8217;nin tescilli ticari markas\u0131d\u0131r 1. uygulama kapsami A\u015fa\u011f\u0131daki Genel H\u00fck\u00fcm ve Ko\u015fullar (G\u015eK), IEC-International Education Centers GmbH, Lise-Meitner-Str. 5-9 42119 Wuppertal ile m\u00fc\u015fterileri aras\u0131ndaki ili\u015fkiyi, Bergische Nachhilfeschule taraf\u0131ndan sunulan \u00f6zel ders hizmetlerine ili\u015fkin t\u00fcm s\u00f6zle\u015fmeler i\u00e7in m\u00fcnhas\u0131ran y\u00f6netir. G\u015eK, hem Bergische Nachhilfeschule \u00e7evrimi\u00e7i [&hellip;]\" \/>\n<meta property=\"og:url\" content=\"https:\/\/bergische-nachhilfeschule.de\/tr\/gtc\/\" \/>\n<meta property=\"og:site_name\" content=\"Bergische Nachhilfeschule\" \/>\n<meta property=\"article:modified_time\" content=\"2025-01-31T19:26:20+00:00\" \/>\n<meta name=\"twitter:card\" content=\"summary_large_image\" \/>\n<meta name=\"twitter:label1\" content=\"Tahmini okuma s\u00fcresi\" \/>\n\t<meta name=\"twitter:data1\" content=\"20 dakika\" \/>\n<script type=\"application\/ld+json\" class=\"yoast-schema-graph\">{\"@context\":\"https:\/\/schema.org\",\"@graph\":[{\"@type\":\"WebPage\",\"@id\":\"https:\/\/bergische-nachhilfeschule.de\/tr\/gtc\/\",\"url\":\"https:\/\/bergische-nachhilfeschule.de\/tr\/gtc\/\",\"name\":\"GTC - Bergische Nachhilfeschule\",\"isPartOf\":{\"@id\":\"https:\/\/bergische-nachhilfeschule.de\/tr\/#website\"},\"datePublished\":\"2024-07-13T17:33:47+00:00\",\"dateModified\":\"2025-01-31T19:26:20+00:00\",\"breadcrumb\":{\"@id\":\"https:\/\/bergische-nachhilfeschule.de\/tr\/gtc\/#breadcrumb\"},\"inLanguage\":\"tr\",\"potentialAction\":[{\"@type\":\"ReadAction\",\"target\":[\"https:\/\/bergische-nachhilfeschule.de\/tr\/gtc\/\"]}]},{\"@type\":\"BreadcrumbList\",\"@id\":\"https:\/\/bergische-nachhilfeschule.de\/tr\/gtc\/#breadcrumb\",\"itemListElement\":[{\"@type\":\"ListItem\",\"position\":1,\"name\":\"Startseite\",\"item\":\"https:\/\/bergische-nachhilfeschule.de\/tr\/\"},{\"@type\":\"ListItem\",\"position\":2,\"name\":\"GTC\"}]},{\"@type\":\"WebSite\",\"@id\":\"https:\/\/bergische-nachhilfeschule.de\/tr\/#website\",\"url\":\"https:\/\/bergische-nachhilfeschule.de\/tr\/\",\"name\":\"Bergische Nachhilfeschule\",\"description\":\"\",\"publisher\":{\"@id\":\"https:\/\/bergische-nachhilfeschule.de\/tr\/#organization\"},\"potentialAction\":[{\"@type\":\"SearchAction\",\"target\":{\"@type\":\"EntryPoint\",\"urlTemplate\":\"https:\/\/bergische-nachhilfeschule.de\/tr\/?s={search_term_string}\"},\"query-input\":{\"@type\":\"PropertyValueSpecification\",\"valueRequired\":true,\"valueName\":\"search_term_string\"}}],\"inLanguage\":\"tr\"},{\"@type\":\"Organization\",\"@id\":\"https:\/\/bergische-nachhilfeschule.de\/tr\/#organization\",\"name\":\"Bergische Nachhilfeschule\",\"url\":\"https:\/\/bergische-nachhilfeschule.de\/tr\/\",\"logo\":{\"@type\":\"ImageObject\",\"inLanguage\":\"tr\",\"@id\":\"https:\/\/bergische-nachhilfeschule.de\/tr\/#\/schema\/logo\/image\/\",\"url\":\"https:\/\/bergische-nachhilfeschule.de\/wp-content\/uploads\/2024\/07\/BN_Favicon.svg\",\"contentUrl\":\"https:\/\/bergische-nachhilfeschule.de\/wp-content\/uploads\/2024\/07\/BN_Favicon.svg\",\"width\":512,\"height\":512,\"caption\":\"Bergische Nachhilfeschule\"},\"image\":{\"@id\":\"https:\/\/bergische-nachhilfeschule.de\/tr\/#\/schema\/logo\/image\/\"}}]}<\/script>\n<!-- \/ Yoast SEO Premium plugin. -->","yoast_head_json":{"title":"GTC - Bergische Nachhilfeschule","robots":{"index":"index","follow":"follow","max-snippet":"max-snippet:-1","max-image-preview":"max-image-preview:large","max-video-preview":"max-video-preview:-1"},"canonical":"https:\/\/bergische-nachhilfeschule.de\/tr\/gtc\/","og_locale":"tr_TR","og_type":"article","og_title":"GTC","og_description":"Genel H\u00fck\u00fcm ve Ko\u015fullar \/ Okul Y\u00f6netmelikleri Bergische Nachhilfeschule, IEC-International Education Centres GmbH&#8217;nin tescilli ticari markas\u0131d\u0131r 1. uygulama kapsami A\u015fa\u011f\u0131daki Genel H\u00fck\u00fcm ve Ko\u015fullar (G\u015eK), IEC-International Education Centers GmbH, Lise-Meitner-Str. 5-9 42119 Wuppertal ile m\u00fc\u015fterileri aras\u0131ndaki ili\u015fkiyi, Bergische Nachhilfeschule taraf\u0131ndan sunulan \u00f6zel ders hizmetlerine ili\u015fkin t\u00fcm s\u00f6zle\u015fmeler i\u00e7in m\u00fcnhas\u0131ran y\u00f6netir. G\u015eK, hem Bergische Nachhilfeschule \u00e7evrimi\u00e7i [&hellip;]","og_url":"https:\/\/bergische-nachhilfeschule.de\/tr\/gtc\/","og_site_name":"Bergische Nachhilfeschule","article_modified_time":"2025-01-31T19:26:20+00:00","twitter_card":"summary_large_image","twitter_misc":{"Tahmini okuma s\u00fcresi":"20 dakika"},"schema":{"@context":"https:\/\/schema.org","@graph":[{"@type":"WebPage","@id":"https:\/\/bergische-nachhilfeschule.de\/tr\/gtc\/","url":"https:\/\/bergische-nachhilfeschule.de\/tr\/gtc\/","name":"GTC - Bergische Nachhilfeschule","isPartOf":{"@id":"https:\/\/bergische-nachhilfeschule.de\/tr\/#website"},"datePublished":"2024-07-13T17:33:47+00:00","dateModified":"2025-01-31T19:26:20+00:00","breadcrumb":{"@id":"https:\/\/bergische-nachhilfeschule.de\/tr\/gtc\/#breadcrumb"},"inLanguage":"tr","potentialAction":[{"@type":"ReadAction","target":["https:\/\/bergische-nachhilfeschule.de\/tr\/gtc\/"]}]},{"@type":"BreadcrumbList","@id":"https:\/\/bergische-nachhilfeschule.de\/tr\/gtc\/#breadcrumb","itemListElement":[{"@type":"ListItem","position":1,"name":"Startseite","item":"https:\/\/bergische-nachhilfeschule.de\/tr\/"},{"@type":"ListItem","position":2,"name":"GTC"}]},{"@type":"WebSite","@id":"https:\/\/bergische-nachhilfeschule.de\/tr\/#website","url":"https:\/\/bergische-nachhilfeschule.de\/tr\/","name":"Bergische Nachhilfeschule","description":"","publisher":{"@id":"https:\/\/bergische-nachhilfeschule.de\/tr\/#organization"},"potentialAction":[{"@type":"SearchAction","target":{"@type":"EntryPoint","urlTemplate":"https:\/\/bergische-nachhilfeschule.de\/tr\/?s={search_term_string}"},"query-input":{"@type":"PropertyValueSpecification","valueRequired":true,"valueName":"search_term_string"}}],"inLanguage":"tr"},{"@type":"Organization","@id":"https:\/\/bergische-nachhilfeschule.de\/tr\/#organization","name":"Bergische Nachhilfeschule","url":"https:\/\/bergische-nachhilfeschule.de\/tr\/","logo":{"@type":"ImageObject","inLanguage":"tr","@id":"https:\/\/bergische-nachhilfeschule.de\/tr\/#\/schema\/logo\/image\/","url":"https:\/\/bergische-nachhilfeschule.de\/wp-content\/uploads\/2024\/07\/BN_Favicon.svg","contentUrl":"https:\/\/bergische-nachhilfeschule.de\/wp-content\/uploads\/2024\/07\/BN_Favicon.svg","width":512,"height":512,"caption":"Bergische Nachhilfeschule"},"image":{"@id":"https:\/\/bergische-nachhilfeschule.de\/tr\/#\/schema\/logo\/image\/"}}]}},"_links":{"self":[{"href":"https:\/\/bergische-nachhilfeschule.de\/tr\/wp-json\/wp\/v2\/pages\/4781","targetHints":{"allow":["GET"]}}],"collection":[{"href":"https:\/\/bergische-nachhilfeschule.de\/tr\/wp-json\/wp\/v2\/pages"}],"about":[{"href":"https:\/\/bergische-nachhilfeschule.de\/tr\/wp-json\/wp\/v2\/types\/page"}],"author":[{"embeddable":true,"href":"https:\/\/bergische-nachhilfeschule.de\/tr\/wp-json\/wp\/v2\/users\/152"}],"replies":[{"embeddable":true,"href":"https:\/\/bergische-nachhilfeschule.de\/tr\/wp-json\/wp\/v2\/comments?post=4781"}],"version-history":[{"count":2,"href":"https:\/\/bergische-nachhilfeschule.de\/tr\/wp-json\/wp\/v2\/pages\/4781\/revisions"}],"predecessor-version":[{"id":5874,"href":"https:\/\/bergische-nachhilfeschule.de\/tr\/wp-json\/wp\/v2\/pages\/4781\/revisions\/5874"}],"wp:attachment":[{"href":"https:\/\/bergische-nachhilfeschule.de\/tr\/wp-json\/wp\/v2\/media?parent=4781"}],"curies":[{"name":"wp","href":"https:\/\/api.w.org\/{rel}","templated":true}]}}