{"id":5091,"date":"2024-06-04T12:18:36","date_gmt":"2024-06-04T10:18:36","guid":{"rendered":"https:\/\/bergische-nachhilfeschule.de\/faecher\/sosyal-bilimler\/"},"modified":"2024-06-04T12:18:36","modified_gmt":"2024-06-04T10:18:36","slug":"sosyal-bilimler","status":"publish","type":"faecher","link":"https:\/\/bergische-nachhilfeschule.de\/tr\/faecher\/sosyal-bilimler\/","title":{"rendered":"Sosyal bilimler"},"content":{"rendered":"<p>Sosyal bilimler derslerimiz, her ya\u015ftan \u00f6\u011frencinin sosyal bilimler alan\u0131ndaki bilgilerini derinle\u015ftirmelerine ve g\u00fc\u00e7lendirmelerine yard\u0131mc\u0131 olmak \u00fczere tasarlanm\u0131\u015ft\u0131r. \u00d6\u011frencilerimizin bireysel ihtiya\u00e7lar\u0131na ve hedeflerine g\u00f6re uyarlanm\u0131\u015f \u00f6zelle\u015ftirilmi\u015f \u00f6\u011frenme f\u0131rsatlar\u0131 sunuyoruz. Deneyimli \u00f6\u011fretmenlerimiz, \u00f6\u011frencilerin sosyal becerilerini geli\u015ftirmelerine ve problem \u00e7\u00f6zme yeteneklerini geli\u015ftirmelerine yard\u0131mc\u0131 oluyor. \u00d6\u011frencilerimizin bireysel ihtiya\u00e7lar\u0131n\u0131 kar\u015f\u0131lamak i\u00e7in hem bireysel hem de grup dersleri sunuyoruz. Amac\u0131m\u0131z, \u00f6\u011frencilerin sosyal bilgiler bilgilerini geli\u015ftirmelerine yard\u0131mc\u0131 olmak ve konularla ba\u015fa \u00e7\u0131kma konusunda kendilerine olan g\u00fcvenlerini art\u0131rmakt\u0131r.    <\/p>\n","protected":false},"excerpt":{"rendered":"<p>Her ya\u015ftan \u00f6\u011frencinin sosyal bilimler alan\u0131ndaki bilgilerini derinle\u015ftirmelerine ve g\u00fc\u00e7lendirmelerine yard\u0131mc\u0131 olan \u00f6zelle\u015ftirilmi\u015f \u00f6\u011frenim teklifimizi ke\u015ffedin.<\/p>\n","protected":false},"featured_media":0,"template":"","meta":{"_acf_changed":false},"categories":[109],"bildungsform":[89],"class_list":["post-5091","faecher","type-faecher","status-publish","hentry","category-sosyal-ve-ekonomik-isler","bildungsform-schule"],"acf":[],"yoast_head":"<!-- This site is optimized with the Yoast SEO Premium plugin v25.9 (Yoast SEO v25.9) - https:\/\/yoast.com\/wordpress\/plugins\/seo\/ -->\n<title>Sosyal bilimler - Bergische Nachhilfeschule<\/title>\n<meta name=\"robots\" content=\"index, follow, max-snippet:-1, max-image-preview:large, max-video-preview:-1\" \/>\n<link rel=\"canonical\" href=\"https:\/\/bergische-nachhilfeschule.de\/tr\/faecher\/sosyal-bilimler\/\" \/>\n<meta property=\"og:locale\" content=\"tr_TR\" \/>\n<meta property=\"og:type\" content=\"article\" \/>\n<meta property=\"og:title\" content=\"Sosyal bilimler\" \/>\n<meta property=\"og:description\" content=\"Her ya\u015ftan \u00f6\u011frencinin sosyal bilimler alan\u0131ndaki bilgilerini derinle\u015ftirmelerine ve g\u00fc\u00e7lendirmelerine yard\u0131mc\u0131 olan \u00f6zelle\u015ftirilmi\u015f \u00f6\u011frenim teklifimizi ke\u015ffedin.\" \/>\n<meta property=\"og:url\" content=\"https:\/\/bergische-nachhilfeschule.de\/tr\/faecher\/sosyal-bilimler\/\" \/>\n<meta property=\"og:site_name\" content=\"Bergische Nachhilfeschule\" \/>\n<meta name=\"twitter:card\" content=\"summary_large_image\" \/>\n<script type=\"application\/ld+json\" class=\"yoast-schema-graph\">{\"@context\":\"https:\/\/schema.org\",\"@graph\":[{\"@type\":\"WebPage\",\"@id\":\"https:\/\/bergische-nachhilfeschule.de\/tr\/faecher\/sosyal-bilimler\/\",\"url\":\"https:\/\/bergische-nachhilfeschule.de\/tr\/faecher\/sosyal-bilimler\/\",\"name\":\"Sosyal bilimler - Bergische Nachhilfeschule\",\"isPartOf\":{\"@id\":\"https:\/\/bergische-nachhilfeschule.de\/tr\/#website\"},\"datePublished\":\"2024-06-04T10:18:36+00:00\",\"breadcrumb\":{\"@id\":\"https:\/\/bergische-nachhilfeschule.de\/tr\/faecher\/sosyal-bilimler\/#breadcrumb\"},\"inLanguage\":\"tr\",\"potentialAction\":[{\"@type\":\"ReadAction\",\"target\":[\"https:\/\/bergische-nachhilfeschule.de\/tr\/faecher\/sosyal-bilimler\/\"]}]},{\"@type\":\"BreadcrumbList\",\"@id\":\"https:\/\/bergische-nachhilfeschule.de\/tr\/faecher\/sosyal-bilimler\/#breadcrumb\",\"itemListElement\":[{\"@type\":\"ListItem\",\"position\":1,\"name\":\"Startseite\",\"item\":\"https:\/\/bergische-nachhilfeschule.de\/tr\/\"},{\"@type\":\"ListItem\",\"position\":2,\"name\":\"Sosyal bilimler\"}]},{\"@type\":\"WebSite\",\"@id\":\"https:\/\/bergische-nachhilfeschule.de\/tr\/#website\",\"url\":\"https:\/\/bergische-nachhilfeschule.de\/tr\/\",\"name\":\"Bergische Nachhilfeschule\",\"description\":\"\",\"publisher\":{\"@id\":\"https:\/\/bergische-nachhilfeschule.de\/tr\/#organization\"},\"potentialAction\":[{\"@type\":\"SearchAction\",\"target\":{\"@type\":\"EntryPoint\",\"urlTemplate\":\"https:\/\/bergische-nachhilfeschule.de\/tr\/?s={search_term_string}\"},\"query-input\":{\"@type\":\"PropertyValueSpecification\",\"valueRequired\":true,\"valueName\":\"search_term_string\"}}],\"inLanguage\":\"tr\"},{\"@type\":\"Organization\",\"@id\":\"https:\/\/bergische-nachhilfeschule.de\/tr\/#organization\",\"name\":\"Bergische Nachhilfeschule\",\"url\":\"https:\/\/bergische-nachhilfeschule.de\/tr\/\",\"logo\":{\"@type\":\"ImageObject\",\"inLanguage\":\"tr\",\"@id\":\"https:\/\/bergische-nachhilfeschule.de\/tr\/#\/schema\/logo\/image\/\",\"url\":\"https:\/\/bergische-nachhilfeschule.de\/wp-content\/uploads\/2024\/07\/BN_Favicon.svg\",\"contentUrl\":\"https:\/\/bergische-nachhilfeschule.de\/wp-content\/uploads\/2024\/07\/BN_Favicon.svg\",\"width\":512,\"height\":512,\"caption\":\"Bergische Nachhilfeschule\"},\"image\":{\"@id\":\"https:\/\/bergische-nachhilfeschule.de\/tr\/#\/schema\/logo\/image\/\"}}]}<\/script>\n<!-- \/ Yoast SEO Premium plugin. -->","yoast_head_json":{"title":"Sosyal bilimler - Bergische Nachhilfeschule","robots":{"index":"index","follow":"follow","max-snippet":"max-snippet:-1","max-image-preview":"max-image-preview:large","max-video-preview":"max-video-preview:-1"},"canonical":"https:\/\/bergische-nachhilfeschule.de\/tr\/faecher\/sosyal-bilimler\/","og_locale":"tr_TR","og_type":"article","og_title":"Sosyal bilimler","og_description":"Her ya\u015ftan \u00f6\u011frencinin sosyal bilimler alan\u0131ndaki bilgilerini derinle\u015ftirmelerine ve g\u00fc\u00e7lendirmelerine yard\u0131mc\u0131 olan \u00f6zelle\u015ftirilmi\u015f \u00f6\u011frenim teklifimizi ke\u015ffedin.","og_url":"https:\/\/bergische-nachhilfeschule.de\/tr\/faecher\/sosyal-bilimler\/","og_site_name":"Bergische Nachhilfeschule","twitter_card":"summary_large_image","schema":{"@context":"https:\/\/schema.org","@graph":[{"@type":"WebPage","@id":"https:\/\/bergische-nachhilfeschule.de\/tr\/faecher\/sosyal-bilimler\/","url":"https:\/\/bergische-nachhilfeschule.de\/tr\/faecher\/sosyal-bilimler\/","name":"Sosyal bilimler - Bergische Nachhilfeschule","isPartOf":{"@id":"https:\/\/bergische-nachhilfeschule.de\/tr\/#website"},"datePublished":"2024-06-04T10:18:36+00:00","breadcrumb":{"@id":"https:\/\/bergische-nachhilfeschule.de\/tr\/faecher\/sosyal-bilimler\/#breadcrumb"},"inLanguage":"tr","potentialAction":[{"@type":"ReadAction","target":["https:\/\/bergische-nachhilfeschule.de\/tr\/faecher\/sosyal-bilimler\/"]}]},{"@type":"BreadcrumbList","@id":"https:\/\/bergische-nachhilfeschule.de\/tr\/faecher\/sosyal-bilimler\/#breadcrumb","itemListElement":[{"@type":"ListItem","position":1,"name":"Startseite","item":"https:\/\/bergische-nachhilfeschule.de\/tr\/"},{"@type":"ListItem","position":2,"name":"Sosyal bilimler"}]},{"@type":"WebSite","@id":"https:\/\/bergische-nachhilfeschule.de\/tr\/#website","url":"https:\/\/bergische-nachhilfeschule.de\/tr\/","name":"Bergische Nachhilfeschule","description":"","publisher":{"@id":"https:\/\/bergische-nachhilfeschule.de\/tr\/#organization"},"potentialAction":[{"@type":"SearchAction","target":{"@type":"EntryPoint","urlTemplate":"https:\/\/bergische-nachhilfeschule.de\/tr\/?s={search_term_string}"},"query-input":{"@type":"PropertyValueSpecification","valueRequired":true,"valueName":"search_term_string"}}],"inLanguage":"tr"},{"@type":"Organization","@id":"https:\/\/bergische-nachhilfeschule.de\/tr\/#organization","name":"Bergische Nachhilfeschule","url":"https:\/\/bergische-nachhilfeschule.de\/tr\/","logo":{"@type":"ImageObject","inLanguage":"tr","@id":"https:\/\/bergische-nachhilfeschule.de\/tr\/#\/schema\/logo\/image\/","url":"https:\/\/bergische-nachhilfeschule.de\/wp-content\/uploads\/2024\/07\/BN_Favicon.svg","contentUrl":"https:\/\/bergische-nachhilfeschule.de\/wp-content\/uploads\/2024\/07\/BN_Favicon.svg","width":512,"height":512,"caption":"Bergische Nachhilfeschule"},"image":{"@id":"https:\/\/bergische-nachhilfeschule.de\/tr\/#\/schema\/logo\/image\/"}}]}},"_links":{"self":[{"href":"https:\/\/bergische-nachhilfeschule.de\/tr\/wp-json\/wp\/v2\/faecher\/5091","targetHints":{"allow":["GET"]}}],"collection":[{"href":"https:\/\/bergische-nachhilfeschule.de\/tr\/wp-json\/wp\/v2\/faecher"}],"about":[{"href":"https:\/\/bergische-nachhilfeschule.de\/tr\/wp-json\/wp\/v2\/types\/faecher"}],"wp:attachment":[{"href":"https:\/\/bergische-nachhilfeschule.de\/tr\/wp-json\/wp\/v2\/media?parent=5091"}],"wp:term":[{"taxonomy":"category","embeddable":true,"href":"https:\/\/bergische-nachhilfeschule.de\/tr\/wp-json\/wp\/v2\/categories?post=5091"},{"taxonomy":"bildungsform","embeddable":true,"href":"https:\/\/bergische-nachhilfeschule.de\/tr\/wp-json\/wp\/v2\/bildungsform?post=5091"}],"curies":[{"name":"wp","href":"https:\/\/api.w.org\/{rel}","templated":true}]}}