{"version":"1.0","provider_name":"Bergische Nachhilfeschule","provider_url":"https:\/\/bergische-nachhilfeschule.de\/tr\/","author_name":"Yasemin \u015eahin","author_url":"https:\/\/bergische-nachhilfeschule.de\/tr\/author\/y-sahin\/","title":"\u00d6\u011frenciler","type":"rich","width":600,"height":338,"html":"<blockquote class=\"wp-embedded-content\" data-secret=\"SFA2l9C1MI\"><a href=\"https:\/\/bergische-nachhilfeschule.de\/tr\/oegrenciler-2\/\">\u00d6\u011frenciler<\/a><\/blockquote><iframe sandbox=\"allow-scripts\" security=\"restricted\" src=\"https:\/\/bergische-nachhilfeschule.de\/tr\/oegrenciler-2\/embed\/#?secret=SFA2l9C1MI\" width=\"600\" height=\"338\" title=\"&#8220;\u00d6\u011frenciler&#8221; &#8212; Bergische Nachhilfeschule\" data-secret=\"SFA2l9C1MI\" frameborder=\"0\" marginwidth=\"0\" marginheight=\"0\" scrolling=\"no\" class=\"wp-embedded-content\"><\/iframe><script>\n\/*! This file is auto-generated *\/\n!function(d,l){\"use strict\";l.querySelector&&d.addEventListener&&\"undefined\"!=typeof URL&&(d.wp=d.wp||{},d.wp.receiveEmbedMessage||(d.wp.receiveEmbedMessage=function(e){var t=e.data;if((t||t.secret||t.message||t.value)&&!\/[^a-zA-Z0-9]\/.test(t.secret)){for(var s,r,n,a=l.querySelectorAll('iframe[data-secret=\"'+t.secret+'\"]'),o=l.querySelectorAll('blockquote[data-secret=\"'+t.secret+'\"]'),c=new RegExp(\"^https?:$\",\"i\"),i=0;i<o.length;i++)o[i].style.display=\"none\";for(i=0;i<a.length;i++)s=a[i],e.source===s.contentWindow&&(s.removeAttribute(\"style\"),\"height\"===t.message?(1e3<(r=parseInt(t.value,10))?r=1e3:~~r<200&&(r=200),s.height=r):\"link\"===t.message&&(r=new URL(s.getAttribute(\"src\")),n=new URL(t.value),c.test(n.protocol))&&n.host===r.host&&l.activeElement===s&&(d.top.location.href=t.value))}},d.addEventListener(\"message\",d.wp.receiveEmbedMessage,!1),l.addEventListener(\"DOMContentLoaded\",function(){for(var e,t,s=l.querySelectorAll(\"iframe.wp-embedded-content\"),r=0;r<s.length;r++)(t=(e=s[r]).getAttribute(\"data-secret\"))||(t=Math.random().toString(36).substring(2,12),e.src+=\"#?secret=\"+t,e.setAttribute(\"data-secret\",t)),e.contentWindow.postMessage({message:\"ready\",secret:t},\"*\")},!1)))}(window,document);\n\/\/# sourceURL=https:\/\/bergische-nachhilfeschule.de\/wp-includes\/js\/wp-embed.min.js\n<\/script>\n","description":"\u00d6zel ders \u00d6\u011frenciler i\u00e7in Her ya\u015ftan \u00f6\u011frencinin Almanca dil becerilerini derinle\u015ftirmesine ve g\u00fc\u00e7lendirmesine yard\u0131mc\u0131 olan \u00f6zelle\u015ftirilmi\u015f \u00f6\u011frenme teklifimizi ke\u015ffedin. \u015eimdi \u00f6zel ders rezervasyonu yap\u0131n Fiyatland\u0131rma modelimiz Bergische Nachhilfeschule ile okulda ba\u015far\u0131 Bergische Nachhilfeschule&#8217;de t\u00fcm s\u0131n\u0131flardan ve okul t\u00fcrlerinden \u00f6\u011frenciler i\u00e7in bireyselle\u015ftirilmi\u015f \u00f6zel dersler sunuyoruz. Amac\u0131m\u0131z, her \u00f6\u011frenciye hedefe y\u00f6nelik destek sa\u011flamak ve uzun vadede akademik [&hellip;]","thumbnail_url":"https:\/\/bergische-nachhilfeschule.de\/wp-content\/uploads\/2024\/06\/multiracial-group-of-cheerful-high-school-friends-2023-11-27-05-29-15-utc-1024x683.jpg"}