{"id":4774,"date":"2024-07-13T19:33:47","date_gmt":"2024-07-13T17:33:47","guid":{"rendered":"https:\/\/bergische-nachhilfeschule.de\/politica-de-privacidad\/"},"modified":"2025-01-31T20:26:14","modified_gmt":"2025-01-31T19:26:14","slug":"politica-de-privacidad","status":"publish","type":"page","link":"https:\/\/bergische-nachhilfeschule.de\/es\/politica-de-privacidad\/","title":{"rendered":"Pol\u00edtica de privacidad"},"content":{"rendered":"\t\t<div data-elementor-type=\"wp-page\" data-elementor-id=\"4774\" class=\"elementor elementor-4774 elementor-4124\" data-elementor-post-type=\"page\">\n\t\t\t\t<div class=\"elementor-element elementor-element-e42c25f e-flex e-con-boxed e-con e-parent\" data-id=\"e42c25f\" data-element_type=\"container\" data-e-type=\"container\" data-settings=\"{&quot;background_background&quot;:&quot;classic&quot;}\">\n\t\t\t\t\t<div class=\"e-con-inner\">\n\t\t\t\t<div class=\"elementor-element elementor-element-cd4e10e elementor-widget elementor-widget-heading\" data-id=\"cd4e10e\" data-element_type=\"widget\" data-e-type=\"widget\" data-widget_type=\"heading.default\">\n\t\t\t\t<div class=\"elementor-widget-container\">\n\t\t\t\t\t<h1 class=\"elementor-heading-title elementor-size-default\">Pol\u00edtica de privacidad<\/h1>\t\t\t\t<\/div>\n\t\t\t\t<\/div>\n\t\t\t\t\t<\/div>\n\t\t\t\t<\/div>\n\t\t<div class=\"elementor-element elementor-element-9e0fd1c e-flex e-con-boxed e-con e-parent\" data-id=\"9e0fd1c\" data-element_type=\"container\" data-e-type=\"container\">\n\t\t\t\t\t<div class=\"e-con-inner\">\n\t\t\t\t<div class=\"elementor-element elementor-element-4975c35 elementor-widget elementor-widget-text-editor\" data-id=\"4975c35\" data-element_type=\"widget\" data-e-type=\"widget\" data-widget_type=\"text-editor.default\">\n\t\t\t\t<div class=\"elementor-widget-container\">\n\t\t\t\t\t\t\t\t\t<h2>1. la protecci\u00f3n de datos de un vistazo<\/h2>\n<h3>Informaci\u00f3n general<\/h3>\n<p>La siguiente informaci\u00f3n proporciona una visi\u00f3n sencilla de lo que ocurre con tus datos personales cuando visitas este sitio web. Por datos personales se entiende cualquier dato que pueda utilizarse para identificarte personalmente. Puedes encontrar informaci\u00f3n detallada sobre el tema de la protecci\u00f3n de datos en nuestra declaraci\u00f3n de protecci\u00f3n de datos que aparece debajo de este texto.  <\/p>\n<h3>Recogida de datos en este sitio web<\/h3>\n<h4>\u00bfQui\u00e9n es responsable de la recogida de datos en este sitio web?<\/h4>\n<p>El tratamiento de datos en este sitio web lo lleva a cabo el operador del sitio web. Puedes encontrar los datos de contacto del operador en la secci\u00f3n \u00abInformaci\u00f3n sobre el responsable del tratamiento\u00bb de esta pol\u00edtica de privacidad. <\/p>\n<h4>\u00bfC\u00f3mo recogemos tus datos?<\/h4>\n<p>Por un lado, tus datos se recogen cuando nos los proporcionas.&nbsp;Puede tratarse de datos que introduces en un formulario de contacto, por ejemplo . <\/p>\n<p>Nuestros sistemas inform\u00e1ticos recogen otros datos autom\u00e1ticamente o con tu consentimiento cuando visitas el sitio web.&nbsp;Se trata principalmente de datos t\u00e9cnicos (por ejemplo, B. navegador de Internet, sistema operativo o tiempo de visualizaci\u00f3n de la p\u00e1gina). Estos datos se recogen autom\u00e1ticamente en cuanto entras en este sitio web.  <\/p>\n<h4>\u00bfPara qu\u00e9 utilizamos tus datos?<\/h4>\n<p>Algunos de los datos se recogen para garantizar que el sitio web se proporciona sin errores. Otros datos pueden utilizarse para analizar tu comportamiento como usuario. <\/p>\n<h4>\u00bfQu\u00e9 derechos tienes en relaci\u00f3n con tus datos?<\/h4>\n<p>Tienes derecho a recibir informaci\u00f3n sobre el origen, destinatario y finalidad de tus datos personales almacenados de forma gratuita en cualquier momento. Tambi\u00e9n tienes derecho a solicitar la correcci\u00f3n o eliminaci\u00f3n de estos datos. Si has dado tu consentimiento al tratamiento de datos, puedes revocarlo en cualquier momento para el futuro. Tambi\u00e9n tienes derecho a solicitar la restricci\u00f3n del tratamiento de tus datos personales en determinadas circunstancias. Adem\u00e1s, tienes derecho a presentar una reclamaci\u00f3n ante la autoridad de control competente.    <\/p>\n<p>Puedes ponerte en contacto con nosotros en cualquier momento si tienes m\u00e1s preguntas sobre el tema de la protecci\u00f3n de datos.<\/p>\n<h3>Herramientas de an\u00e1lisis y herramientas de terceros proveedores<\/h3>\n<p>Cuando visitas este sitio web, tu comportamiento de navegaci\u00f3n puede ser evaluado estad\u00edsticamente. Esto se hace principalmente con los llamados programas de an\u00e1lisis. <\/p>\n<p>Puedes encontrar informaci\u00f3n detallada sobre estos programas de an\u00e1lisis en la siguiente pol\u00edtica de privacidad.<\/p>\n<h2>2. alojamiento<\/h2>\n<p>Alojamos el contenido de nuestro sitio web con el siguiente proveedor:<\/p>\n<h3>IONOS<\/h3>\n<p>El proveedor es IONOS SE, Elgendorfer Str. 57, 56410 Montabaur (en adelante, IONOS). Cuando visitas nuestro sitio web, IONOS recopila varios archivos de registro, incluidas tus direcciones IP. Para m\u00e1s detalles, consulta la pol\u00edtica de privacidad de IONOS: <a href=\"https:\/\/www.ionos.de\/terms-gtc\/terms-privacy\" target=\"_blank\" rel=\"noopener noreferrer\">https:\/\/www.ionos.de\/terms-gtc\/terms-privacy.<\/a>  <\/p>\n<p>El uso de IONOS se basa en el Art. 6 p\u00e1rr. 1 lit. f GDPR. Tenemos un inter\u00e9s leg\u00edtimo en mostrar nuestro sitio web de la forma m\u00e1s fiable posible.&nbsp;Si se ha solicitado el correspondiente consentimiento, el tratamiento se lleva a cabo exclusivamente sobre la base del Art. 6 p\u00e1rr. 1 lit. a GDPR y del \u00a7 25 p\u00e1rr. 1 TDDDG, en la medida en que el consentimiento incluya el almacenamiento de cookies o el acceso a informaci\u00f3n en el dispositivo final del usuario (por ejemplo, huellas dactilares del dispositivo) en el sentido de la TDDDG. El consentimiento puede revocarse en cualquier momento.        <\/p>\n<h4>Tramitaci\u00f3n de pedidos<\/h4>\n<p>Hemos concluido un acuerdo de procesamiento de datos (APD) para el uso del servicio mencionado. Se trata de un contrato prescrito por la ley de protecci\u00f3n de datos, que garantiza que procesa los datos personales de los visitantes de nuestro sitio web s\u00f3lo de acuerdo con nuestras instrucciones y de conformidad con el GDPR. <\/p>\n<h2>3 Notas generales e informaci\u00f3n obligatoria<\/h2>\n<h3>Protecci\u00f3n de datos<\/h3>\n<p>Los operadores de estas p\u00e1ginas se toman muy en serio la protecci\u00f3n de tus datos personales. Tratamos tus datos personales confidencialmente y de acuerdo con las normas legales de protecci\u00f3n de datos y esta pol\u00edtica de privacidad. <\/p>\n<p>Cuando utilizas este sitio web, se recogen diversos datos personales. Los datos personales son datos que pueden utilizarse para identificarte personalmente. Esta pol\u00edtica de privacidad explica qu\u00e9 datos recogemos y para qu\u00e9 los utilizamos. Tambi\u00e9n explica c\u00f3mo y con qu\u00e9 fin lo hacemos.   <\/p>\n<p>&nbsp;Nos gustar\u00eda se\u00f1alar que la transmisi\u00f3n de datos a trav\u00e9s de Internet (por ejemplo, al comunicarse por correo electr\u00f3nico) puede estar sujeta a vulnerabilidades de seguridad. No es posible una protecci\u00f3n completa de los datos contra el acceso de terceros. <\/p>\n<h3>Nota sobre el organismo responsable<\/h3>\n<p>El responsable del tratamiento de datos en este sitio web es<\/p>\n<p><br><br><br>IEC &#8211; International Education Centres GmbH Yasemin Sahin Lise-Meitner-Stra\u00dfe 5-9 42119 Wuppertal<\/p>\n<p><br>Tel\u00e9fono: 0202 &#8211; 261 58 770 Correo electr\u00f3nico: info@internationaleducationcenters.de<\/p>\n<p>&nbsp;El responsable del tratamiento es la persona f\u00edsica o jur\u00eddica que, sola o conjuntamente con otras, determina los fines y los medios del tratamiento de los datos personales (por ejemplo, nombres, direcciones de correo electr\u00f3nico, etc.).<\/p>\n<h3>Duraci\u00f3n del almacenamiento<\/h3>\n<p>A menos que se haya especificado un periodo de almacenamiento m\u00e1s concreto en esta pol\u00edtica de privacidad, tus datos personales permanecer\u00e1n con nosotros hasta que el prop\u00f3sito del procesamiento de datos deje de ser aplicable.&nbsp;Si haces valer una solicitud justificada de supresi\u00f3n o revocas tu consentimiento para el tratamiento de datos, tus datos se suprimir\u00e1n, a menos que tengamos otros motivos legalmente permitidos para almacenar tus datos personales (por ejemplo, B. periodos de conservaci\u00f3n en virtud de la legislaci\u00f3n fiscal o mercantil); en este \u00faltimo caso, la supresi\u00f3n se producir\u00e1 cuando dejen de aplicarse dichos motivos. <\/p>\n<h3>Informaci\u00f3n general sobre la base jur\u00eddica del tratamiento de datos en este sitio web<\/h3>\n<p>Si has dado tu consentimiento para el procesamiento de datos, procesamos tus datos personales sobre la base del Art. 6 p\u00e1rr. 1 lit. a GDPR o del Art. 9 p\u00e1rr. 2 lit. a GDPR, en la medida en que se procesen categor\u00edas especiales de datos de conformidad con el Art. 9 p\u00e1rr. 1 GDPR. En caso de consentimiento expreso para la transferencia de datos personales a terceros pa\u00edses, el tratamiento de datos tambi\u00e9n se lleva a cabo sobre la base del Art. 49 p\u00e1rr. 1 lit. a GDPR.&nbsp;Si has consentido el almacenamiento de cookies o el acceso a informaci\u00f3n en tu dispositivo final (por ejemplo, B. mediante la huella digital del dispositivo), el tratamiento de datos tambi\u00e9n se lleva a cabo sobre la base del art. 25 p\u00e1rr. 1 TDDDG. El consentimiento puede revocarse en cualquier momento. Si tus datos son necesarios para el cumplimiento de un contrato o para la aplicaci\u00f3n de medidas precontractuales, procesamos tus datos sobre la base del art. 6 p\u00e1rr. 1 lit. b GDPR. Adem\u00e1s, procesamos tus datos si es necesario para cumplir una obligaci\u00f3n legal sobre la base del Art. 6 p\u00e1rr. 1 lit. c GDPR. El tratamiento de datos tambi\u00e9n puede llevarse a cabo sobre la base de nuestro inter\u00e9s leg\u00edtimo de conformidad con el Art. 6 p\u00e1rr. 1 lit. f GDPR. En los p\u00e1rrafos siguientes de esta pol\u00edtica de privacidad se facilita informaci\u00f3n sobre las bases jur\u00eddicas pertinentes en cada caso concreto.                     <\/p>\n<h3>Destinatarios de los datos personales<\/h3>\n<p>Como parte de nuestras actividades empresariales, colaboramos con varias organizaciones externas. En algunos casos, tambi\u00e9n es necesario transferir datos personales a estas organizaciones externas.&nbsp;S\u00f3lo transmitimos datos personales a organismos externos si es necesario para el cumplimiento de un contrato, si estamos legalmente obligados a hacerlo (por ejemplo, si transmitimos datos a las autoridades fiscales), si tenemos un inter\u00e9s leg\u00edtimo en la transmisi\u00f3n de acuerdo con el Art. 6 p\u00e1rr. 1 lit. f GDPR o si otra base legal permite la transmisi\u00f3n de datos. Cuando utilizamos procesadores, s\u00f3lo transmitimos los datos personales de nuestros clientes sobre la base de un contrato v\u00e1lido para el procesamiento de pedidos. En caso de procesamiento conjunto, se celebra un acuerdo de procesamiento conjunto.      <\/p>\n<h3>Revocaci\u00f3n de tu consentimiento para el tratamiento de datos<\/h3>\n<p>Muchas operaciones de tratamiento de datos s\u00f3lo son posibles con tu consentimiento expreso. Puedes revocar tu consentimiento en cualquier momento. La legalidad del tratamiento de datos realizado hasta la revocaci\u00f3n no se ver\u00e1 afectada por \u00e9sta.  <\/p>\n<h3>Derecho a oponerse a la recogida de datos en casos especiales y a la mercadotecnia directa (Art. 21 GDPR)<\/h3>\n<p>SI EL TRATAMIENTO DE DATOS SE BASA EN EL ART. 6 ABS. 1 LIT. E O F GDPR, TIENES DERECHO A OPONERTE AL TRATAMIENTO DE TUS DATOS PERSONALES EN CUALQUIER MOMENTO POR MOTIVOS RELACIONADOS CON TU SITUACI\u00d3N PARTICULAR; ESTO TAMBI\u00c9N SE APLICA A LA ELABORACI\u00d3N DE PERFILES BASADA EN ESTAS DISPOSICIONES. LA BASE JUR\u00cdDICA RESPECTIVA EN LA QUE SE BASA EL TRATAMIENTO SE PUEDE ENCONTRAR EN ESTA POL\u00cdTICA DE PRIVACIDAD. SI TE OPONES, DEJAREMOS DE PROCESAR TUS DATOS PERSONALES EN CUESTI\u00d3N, A MENOS QUE PODAMOS DEMOSTRAR MOTIVOS LEG\u00cdTIMOS IMPERIOSOS PARA EL PROCESAMIENTO QUE PREVALEZCAN SOBRE TUS INTERESES, DERECHOS Y LIBERTADES, O QUE EL PROCESAMIENTO SIRVA PARA EL ESTABLECIMIENTO, EJERCICIO O DEFENSA DE RECLAMACIONES LEGALES (OBJECI\u00d3N DE CONFORMIDAD CON EL ART. 21 P\u00c1RRAFO 1 DEL GDPR).    <\/p>\n<p>SI TUS DATOS PERSONALES SE PROCESAN CON FINES DE MARKETING DIRECTO, TIENES DERECHO A OPONERTE EN CUALQUIER MOMENTO AL PROCESAMIENTO DE LOS DATOS PERSONALES QUE TE CONCIERNEN CON FINES DE DICHO MARKETING; ESTO TAMBI\u00c9N SE APLICA A LA ELABORACI\u00d3N DE PERFILES EN LA MEDIDA EN QUE EST\u00c9 RELACIONADA CON DICHO MARKETING DIRECTO. SI TE OPONES, TUS DATOS PERSONALES DEJAR\u00c1N DE UTILIZARSE POSTERIORMENTE PARA FINES DE MARKETING DIRECTO (OPOSICI\u00d3N CONFORME AL ART. 21, P\u00c1RRAFO 2, DEL GDPR). <\/p>\n<h3>Derecho a presentar una reclamaci\u00f3n ante la autoridad de control competente<\/h3>\n<p>En caso de infracci\u00f3n del RGPD, los interesados tienen derecho a presentar una reclamaci\u00f3n ante una autoridad de control, en particular en el Estado miembro de su residencia habitual, lugar de trabajo o lugar de la presunta infracci\u00f3n. El derecho a presentar una reclamaci\u00f3n se entiende sin perjuicio de cualquier otro recurso administrativo o judicial. <\/p>\n<h3>Derecho a la portabilidad de los datos<\/h3>\n<p>Tienes derecho a que los datos que procesamos autom\u00e1ticamente sobre la base de tu consentimiento o en cumplimiento de un contrato te sean entregados a ti o a un tercero en un formato de uso com\u00fan legible por m\u00e1quina. Si solicitas la transferencia directa de los datos a otro responsable del tratamiento, s\u00f3lo se llevar\u00e1 a cabo si es t\u00e9cnicamente factible. <\/p>\n<h3>Informaci\u00f3n, rectificaci\u00f3n y supresi\u00f3n<\/h3>\n<p>En el marco de las disposiciones legales aplicables, tienes derecho en todo momento a recibir informaci\u00f3n gratuita sobre tus datos personales almacenados, su origen y destinatario y la finalidad del tratamiento de datos y, si es necesario, derecho a la rectificaci\u00f3n o eliminaci\u00f3n de estos datos. Puedes ponerte en contacto con nosotros en cualquier momento si tienes m\u00e1s preguntas sobre el tema de los datos personales. <\/p>\n<h3>Derecho a la limitaci\u00f3n del tratamiento<\/h3>\n<p>Tienes derecho a solicitar la limitaci\u00f3n del tratamiento de tus datos personales. Puedes ponerte en contacto con nosotros en cualquier momento para hacerlo. El derecho a la restricci\u00f3n del tratamiento existe en los siguientes casos:  <\/p>\n<ul>\n<li>Si impugnas la exactitud de tus datos personales almacenados por nosotros, generalmente necesitamos tiempo para comprobarlo. Mientras dure la revisi\u00f3n, tienes derecho a solicitar que se restrinja el tratamiento de tus datos personales. <\/li>\n<li>Si el tratamiento de tus datos personales fue\/es il\u00edcito, puedes solicitar la limitaci\u00f3n del tratamiento de datos en lugar de su supresi\u00f3n.<\/li>\n<li>Si ya no necesitamos tus datos personales, pero t\u00fa los necesitas para el ejercicio, defensa o reclamaci\u00f3n de acciones legales, tienes derecho a solicitar la limitaci\u00f3n del tratamiento de tus datos personales en lugar de su supresi\u00f3n.<\/li>\n<li>Si has presentado una objeci\u00f3n de acuerdo con el Art. 21 (1) GDPR, se debe alcanzar un equilibrio entre tus intereses y los nuestros. Mientras no se haya determinado qu\u00e9 intereses prevalecen, tienes derecho a solicitar la restricci\u00f3n del tratamiento de tus datos personales.  <\/li>\n<\/ul>\n<p>Si has restringido el tratamiento de tus datos personales, estos datos -aparte de su almacenamiento- s\u00f3lo podr\u00e1n tratarse con tu consentimiento o para el reconocimiento, ejercicio o defensa de reclamaciones judiciales o para la protecci\u00f3n de los derechos de otra persona f\u00edsica o jur\u00eddica o por razones de inter\u00e9s p\u00fablico importante de la Uni\u00f3n Europea o de un Estado miembro.<\/p>\n<h3>Encriptaci\u00f3n SSL o TLS<\/h3>\n<p>Este sitio utiliza encriptaci\u00f3n SSL o TLS por razones de seguridad y para proteger la transmisi\u00f3n de contenido confidencial, como pedidos o consultas que nos env\u00edas como operador del sitio. Puedes reconocer una conexi\u00f3n encriptada por el hecho de que la l\u00ednea de direcci\u00f3n del navegador cambia de \u00abhttp:\/\/\u00bb a \u00abhttps:\/\/\u00bb y por el s\u00edmbolo del candado en la l\u00ednea de tu navegador. <\/p>\n<p>Si la encriptaci\u00f3n SSL o TLS est\u00e1 activada, los datos que nos transmitas no podr\u00e1n ser le\u00eddos por terceros.<\/p>\n<h3>Objeci\u00f3n a los correos electr\u00f3nicos publicitarios<\/h3>\n<p>Por la presente nos oponemos al uso de los datos de contacto publicados como parte de nuestra obligaci\u00f3n de proporcionar un aviso legal con el fin de enviar material publicitario e informativo no solicitado. Los operadores de este sitio web se reservan expresamente el derecho a emprender acciones legales en caso de env\u00edo no solicitado de informaci\u00f3n publicitaria, como correos electr\u00f3nicos basura. <\/p>\n<h2>4. recogida de datos en este sitio web<\/h2>\n<h3>Cookies<\/h3>\n<p>Nuestras p\u00e1ginas de Internet utilizan las llamadas \u00abcookies\u00bb. Las cookies son peque\u00f1os paquetes de datos y no causan ning\u00fan da\u00f1o a tu dispositivo final. Se almacenan en tu dispositivo de forma temporal durante una sesi\u00f3n (cookies de sesi\u00f3n) o permanente (cookies permanentes). Las cookies de sesi\u00f3n se eliminan autom\u00e1ticamente al final de tu visita. Las cookies permanentes permanecen almacenadas en tu dispositivo final hasta que t\u00fa mismo las eliminas o hasta que tu navegador las elimina autom\u00e1ticamente.    <\/p>\n<p>Las cookies pueden proceder de nosotros (cookies de origen) o de terceras empresas (las llamadas cookies de terceros).&nbsp;Las cookies de terceros permiten la integraci\u00f3n de determinados servicios de terceras empresas en los sitios web (por ejemplo, cookies para procesar servicios de pago). <\/p>\n<p>Las cookies tienen varias funciones.&nbsp;Muchas cookies son t\u00e9cnicamente necesarias, ya que determinadas funciones del sitio web no funcionar\u00edan sin ellas (por ejemplo, la funci\u00f3n de cesta de la compra o la visualizaci\u00f3n de v\u00eddeos). Otras cookies pueden utilizarse para analizar el comportamiento de los usuarios o con fines publicitarios.  <\/p>\n<p>&nbsp;&nbsp;Las cookies necesarias para llevar a cabo el proceso de comunicaci\u00f3n electr\u00f3nica, para proporcionar ciertas funciones que deseas utilizar (por ejemplo, para la funci\u00f3n de cesta de la compra) o para optimizar el sitio web (por ejemplo, cookies para medir la audiencia de la web) (cookies necesarias) se almacenan sobre la base del Art. 6 p\u00e1rrafo 1 lit. f GDPR, a menos que se especifique otra base legal. El operador del sitio web tiene un inter\u00e9s leg\u00edtimo en el almacenamiento de cookies necesarias para la prestaci\u00f3n t\u00e9cnicamente sin errores y optimizada de sus servicios. Si se ha solicitado el consentimiento para el almacenamiento de cookies y tecnolog\u00edas de reconocimiento comparables, el procesamiento se lleva a cabo exclusivamente sobre la base de este consentimiento (Art. 6 p\u00e1rr. 1 lit. a GDPR y \u00a7 25 p\u00e1rr. 1 TDDDG); el consentimiento puede revocarse en cualquier momento.    <\/p>\n<p>Puedes configurar tu navegador para que te informe sobre la instalaci\u00f3n de cookies y permitirlas s\u00f3lo en casos individuales, excluir la aceptaci\u00f3n de cookies para determinados casos o en general y activar la eliminaci\u00f3n autom\u00e1tica de cookies al cerrar el navegador. Si se desactivan las cookies, la funcionalidad de este sitio web puede verse restringida. <\/p>\n<p>Puedes averiguar qu\u00e9 cookies y servicios se utilizan en este sitio web en esta pol\u00edtica de privacidad.<\/p>\n<h3>Archivos de registro del servidor<\/h3>\n<p>El proveedor de las p\u00e1ginas recoge y almacena autom\u00e1ticamente informaci\u00f3n en los llamados archivos de registro del servidor, que tu navegador nos transmite autom\u00e1ticamente. \u00c9stos son <\/p>\n<ul>\n<li>Tipo de navegador y versi\u00f3n del navegador<\/li>\n<li>Sistema operativo utilizado<\/li>\n<li>URL de referencia<\/li>\n<li>Nombre de host del ordenador de acceso<\/li>\n<li>Hora de la petici\u00f3n al servidor<\/li>\n<li>Direcci\u00f3n IP<\/li>\n<\/ul>\n<p>Estos datos no se fusionan con otras fuentes de datos.<\/p>\n<p>Estos datos se recogen sobre la base del Art. 6 p\u00e1rr. 1 lit. f GDPR. El operador del sitio web tiene un inter\u00e9s leg\u00edtimo en la presentaci\u00f3n t\u00e9cnicamente libre de errores y la optimizaci\u00f3n de su sitio web &#8211; los archivos de registro del servidor deben registrarse con este fin.   <\/p>\n<h3>Formulario de contacto<\/h3>\n<p>Si nos env\u00edas consultas a trav\u00e9s del formulario de contacto, tus datos del formulario de consulta, incluidos los datos de contacto que nos facilites all\u00ed, ser\u00e1n almacenados por nosotros con el fin de procesar la consulta y en caso de preguntas de seguimiento. No transmitiremos estos datos sin tu consentimiento. <\/p>\n<p>Estos datos se procesan sobre la base del Art. 6 p\u00e1rr. 1 lit. b GDPR si tu consulta est\u00e1 relacionada con el cumplimiento de un contrato o es necesaria para la aplicaci\u00f3n de medidas precontractuales. En todos los dem\u00e1s casos, el tratamiento se basa en nuestro inter\u00e9s leg\u00edtimo en el tratamiento efectivo de las consultas que se nos dirigen (Art. 6 p\u00e1rr. 1 lit. f GDPR) o en tu consentimiento (Art. 6 p\u00e1rr. 1 lit. a GDPR) si \u00e9ste ha sido solicitado; el consentimiento puede ser revocado en cualquier momento.   <\/p>\n<p>&nbsp;Conservaremos los datos que nos proporciones en el formulario de contacto hasta que solicites su eliminaci\u00f3n, revoques tu consentimiento para su almacenamiento, o el prop\u00f3sito de su almacenamiento deje de ser pertinente (por ejemplo, B. despu\u00e9s de satisfacer tu solicitud). Las disposiciones legales obligatorias -en particular los periodos de conservaci\u00f3n- no se ver\u00e1n afectadas. <\/p>\n<h3>Consulta por correo electr\u00f3nico, tel\u00e9fono o fax<\/h3>\n<p>Si te pones en contacto con nosotros por correo electr\u00f3nico, tel\u00e9fono o fax, tu consulta, incluidos todos los datos personales (nombre, consulta), ser\u00e1 almacenada y procesada por nosotros con el fin de tramitar tu solicitud. No transmitiremos estos datos sin tu consentimiento. <\/p>\n<p>Estos datos se procesan sobre la base del Art. 6 p\u00e1rr. 1 lit. b GDPR si tu consulta est\u00e1 relacionada con el cumplimiento de un contrato o es necesaria para la aplicaci\u00f3n de medidas precontractuales. En todos los dem\u00e1s casos, el tratamiento se basa en nuestro inter\u00e9s leg\u00edtimo en el tratamiento efectivo de las consultas que se nos dirigen (Art. 6 p\u00e1rr. 1 lit. f GDPR) o en tu consentimiento (Art. 6 p\u00e1rr. 1 lit. a GDPR) si \u00e9ste ha sido solicitado; el consentimiento puede ser revocado en cualquier momento.   <\/p>\n<p>&nbsp;Los datos que nos env\u00edes a trav\u00e9s de las consultas de contacto permanecer\u00e1n con nosotros hasta que nos pidas que los eliminemos, revoquemos tu consentimiento para el almacenamiento o deje de aplicarse el prop\u00f3sito para el almacenamiento de datos (por ejemplo, B. despu\u00e9s de que se haya procesado tu solicitud). Las disposiciones legales obligatorias -en particular los periodos de conservaci\u00f3n legales- no se ver\u00e1n afectadas. <\/p>\n<h2>5\u00ba Bolet\u00edn<\/h2>\n<h3>Datos del bolet\u00edn<\/h3>\n<p>Si deseas recibir el bolet\u00edn informativo que se ofrece en el sitio web, te pedimos una direcci\u00f3n de correo electr\u00f3nico, as\u00ed como informaci\u00f3n que nos permita verificar que eres el titular de la direcci\u00f3n de correo electr\u00f3nico facilitada y que aceptas recibir el bolet\u00edn informativo. No se recogen m\u00e1s datos, o s\u00f3lo de forma voluntaria. Utilizamos estos datos exclusivamente para enviar la informaci\u00f3n solicitada y no los transmitimos a terceros.  <\/p>\n<p>Los datos introducidos en el formulario de inscripci\u00f3n al bolet\u00edn de noticias se procesan exclusivamente sobre la base de tu consentimiento (Art. 6 p\u00e1rr. 1 lit. a GDPR). Puedes revocar tu consentimiento para el almacenamiento de los datos, la direcci\u00f3n de correo electr\u00f3nico y su uso para el env\u00edo del bolet\u00edn en cualquier momento, por ejemplo a trav\u00e9s del enlace \u00abdarse de baja\u00bb del bolet\u00edn. La legalidad de las operaciones de procesamiento de datos que ya hayan tenido lugar no se ver\u00e1 afectada por la cancelaci\u00f3n.  <\/p>\n<p>Los datos que nos proporciones con el fin de suscribirte al bolet\u00edn ser\u00e1n almacenados por nosotros o por el proveedor de servicios del bolet\u00edn hasta que te des de baja del bolet\u00edn y eliminados de la lista de distribuci\u00f3n del bolet\u00edn despu\u00e9s de que te des de baja del bolet\u00edn o despu\u00e9s de que el prop\u00f3sito ya no sea aplicable. Nos reservamos el derecho a eliminar o bloquear direcciones de correo electr\u00f3nico de nuestra lista de distribuci\u00f3n del bolet\u00edn a nuestra propia discreci\u00f3n en el \u00e1mbito de nuestro inter\u00e9s leg\u00edtimo de conformidad con el Art. 6 p\u00e1rrafo 1 lit. f GDPR.   <\/p>\n<p>Esto no afecta a los datos almacenados por nosotros para otros fines.<\/p>\n<p>Despu\u00e9s de darte de baja de la lista de distribuci\u00f3n del bolet\u00edn, tu direcci\u00f3n de correo electr\u00f3nico puede ser almacenada por nosotros o por el proveedor de servicios del bolet\u00edn en una lista negra si es necesario para evitar futuros env\u00edos. Los datos de la lista negra s\u00f3lo se utilizar\u00e1n para este fin y no se fusionar\u00e1n con otros datos. Esto sirve tanto a tus intereses como a los nuestros para cumplir con los requisitos legales al enviar boletines informativos (inter\u00e9s leg\u00edtimo en el sentido del Art. 6 p\u00e1rr. 1 lit. f GDPR). El almacenamiento en la lista negra no est\u00e1 limitado en el tiempo.     <strong>Puedes oponerte al almacenamiento si tus intereses prevalecen sobre nuestro inter\u00e9s leg\u00edtimo.<\/strong><\/p>\n<h2>6. plugins y herramientas<\/h2>\n<h3>Fuentes Google<\/h3>\n<p>Este sitio utiliza las llamadas Google Fonts, proporcionadas por Google, para la visualizaci\u00f3n estandarizada de fuentes. Cuando accedes a una p\u00e1gina, tu navegador carga las fuentes necesarias en la cach\u00e9 de tu navegador para mostrar los textos y las fuentes correctamente. <\/p>\n<p>Para ello, el navegador que utilizas debe conectarse a los servidores de Google. Esto informa a Google de que se ha accedido a este sitio web a trav\u00e9s de tu direcci\u00f3n IP. El uso de Google Fonts se basa en el Art. 6 p\u00e1rr. 1 lit. f GDPR. El operador del sitio web tiene un inter\u00e9s leg\u00edtimo en la presentaci\u00f3n uniforme del tipo de letra en su sitio web.&nbsp;Si se ha solicitado el correspondiente consentimiento, el tratamiento se lleva a cabo exclusivamente sobre la base del Art. 6 p\u00e1rr. 1 lit. a GDPR y \u00a7 25 p\u00e1rr. 1 TDDDG, en la medida en que el consentimiento incluya el almacenamiento de cookies o el acceso a informaci\u00f3n en el dispositivo terminal del usuario (por ejemplo, B. huella digital del dispositivo) en el sentido de la TDDDG. El consentimiento puede ser revocado en cualquier momento.          <\/p>\n<p>Si tu navegador no es compatible con Google Fonts, tu ordenador utilizar\u00e1 una fuente est\u00e1ndar.<\/p>\n<p>Puedes encontrar m\u00e1s informaci\u00f3n sobre Google Fonts en <a href=\"https:\/\/developers.google.com\/fonts\/faq\" target=\"_blank\" rel=\"noopener noreferrer\">https:\/\/developers.google.com\/fonts\/faq<\/a> y en la pol\u00edtica de privacidad de Google: <a href=\"https:\/\/policies.google.com\/privacy?hl=de\" target=\"_blank\" rel=\"noopener noreferrer\">https:\/\/policies.google.com\/privacy?hl=de.<\/a><\/p>\n<p>La empresa est\u00e1 certificada de conformidad con el \u00abMarco de Privacidad de Datos UE-EE.UU.\u00bb (DPF). El DPF es un acuerdo entre la Uni\u00f3n Europea y EE.UU. que tiene por objeto garantizar el cumplimiento de las normas europeas de protecci\u00f3n de datos en el tratamiento de datos en EE.UU.. Toda empresa certificada conforme al DPF se compromete a cumplir estas normas de protecci\u00f3n de datos. Puedes obtener m\u00e1s informaci\u00f3n al respecto del proveedor en el siguiente enlace: <a href=\"https:\/\/www.dataprivacyframework.gov\/participant\/5780\" target=\"_blank\" rel=\"noopener noreferrer\">https:\/\/www.dataprivacyframework.gov\/participant\/5780.<\/a>   <\/p>\n<p>Fuente: <a href=\"https:\/\/www.e-recht24.de\">https:\/\/www.e-recht24.de<\/a><\/p>\t\t\t\t\t\t\t\t<\/div>\n\t\t\t\t<\/div>\n\t\t\t\t\t<\/div>\n\t\t\t\t<\/div>\n\t\t\t\t<\/div>\n\t\t","protected":false},"excerpt":{"rendered":"<p>Pol\u00edtica de privacidad 1. la protecci\u00f3n de datos de un vistazo Informaci\u00f3n general La siguiente informaci\u00f3n proporciona una visi\u00f3n sencilla de lo que ocurre con tus datos personales cuando visitas este sitio web. Por datos personales se entiende cualquier dato que pueda utilizarse para identificarte personalmente. Puedes encontrar informaci\u00f3n detallada sobre el tema de la [&hellip;]<\/p>\n","protected":false},"author":152,"featured_media":0,"parent":0,"menu_order":0,"comment_status":"closed","ping_status":"closed","template":"","meta":{"_acf_changed":false,"footnotes":""},"class_list":["post-4774","page","type-page","status-publish","hentry"],"acf":[],"yoast_head":"<!-- This site is optimized with the Yoast SEO Premium plugin v25.9 (Yoast SEO v25.9) - https:\/\/yoast.com\/wordpress\/plugins\/seo\/ -->\n<title>Pol\u00edtica de privacidad - Bergische Nachhilfeschule<\/title>\n<meta name=\"robots\" content=\"index, follow, max-snippet:-1, max-image-preview:large, max-video-preview:-1\" \/>\n<link rel=\"canonical\" href=\"https:\/\/bergische-nachhilfeschule.de\/es\/politica-de-privacidad\/\" \/>\n<meta property=\"og:locale\" content=\"es_ES\" \/>\n<meta property=\"og:type\" content=\"article\" \/>\n<meta property=\"og:title\" content=\"Pol\u00edtica de privacidad\" \/>\n<meta property=\"og:description\" content=\"Pol\u00edtica de privacidad 1. la protecci\u00f3n de datos de un vistazo Informaci\u00f3n general La siguiente informaci\u00f3n proporciona una visi\u00f3n sencilla de lo que ocurre con tus datos personales cuando visitas este sitio web. Por datos personales se entiende cualquier dato que pueda utilizarse para identificarte personalmente. Puedes encontrar informaci\u00f3n detallada sobre el tema de la [&hellip;]\" \/>\n<meta property=\"og:url\" content=\"https:\/\/bergische-nachhilfeschule.de\/es\/politica-de-privacidad\/\" \/>\n<meta property=\"og:site_name\" content=\"Bergische Nachhilfeschule\" \/>\n<meta property=\"article:modified_time\" content=\"2025-01-31T19:26:14+00:00\" \/>\n<meta name=\"twitter:card\" content=\"summary_large_image\" \/>\n<meta name=\"twitter:label1\" content=\"Tiempo de lectura\" \/>\n\t<meta name=\"twitter:data1\" content=\"20 minutos\" \/>\n<script type=\"application\/ld+json\" class=\"yoast-schema-graph\">{\"@context\":\"https:\/\/schema.org\",\"@graph\":[{\"@type\":\"WebPage\",\"@id\":\"https:\/\/bergische-nachhilfeschule.de\/es\/politica-de-privacidad\/\",\"url\":\"https:\/\/bergische-nachhilfeschule.de\/es\/politica-de-privacidad\/\",\"name\":\"Pol\u00edtica de privacidad - Bergische Nachhilfeschule\",\"isPartOf\":{\"@id\":\"https:\/\/bergische-nachhilfeschule.de\/es\/#website\"},\"datePublished\":\"2024-07-13T17:33:47+00:00\",\"dateModified\":\"2025-01-31T19:26:14+00:00\",\"breadcrumb\":{\"@id\":\"https:\/\/bergische-nachhilfeschule.de\/es\/politica-de-privacidad\/#breadcrumb\"},\"inLanguage\":\"es\",\"potentialAction\":[{\"@type\":\"ReadAction\",\"target\":[\"https:\/\/bergische-nachhilfeschule.de\/es\/politica-de-privacidad\/\"]}]},{\"@type\":\"BreadcrumbList\",\"@id\":\"https:\/\/bergische-nachhilfeschule.de\/es\/politica-de-privacidad\/#breadcrumb\",\"itemListElement\":[{\"@type\":\"ListItem\",\"position\":1,\"name\":\"Startseite\",\"item\":\"https:\/\/bergische-nachhilfeschule.de\/es\/\"},{\"@type\":\"ListItem\",\"position\":2,\"name\":\"Pol\u00edtica de privacidad\"}]},{\"@type\":\"WebSite\",\"@id\":\"https:\/\/bergische-nachhilfeschule.de\/es\/#website\",\"url\":\"https:\/\/bergische-nachhilfeschule.de\/es\/\",\"name\":\"Bergische Nachhilfeschule\",\"description\":\"\",\"publisher\":{\"@id\":\"https:\/\/bergische-nachhilfeschule.de\/es\/#organization\"},\"potentialAction\":[{\"@type\":\"SearchAction\",\"target\":{\"@type\":\"EntryPoint\",\"urlTemplate\":\"https:\/\/bergische-nachhilfeschule.de\/es\/?s={search_term_string}\"},\"query-input\":{\"@type\":\"PropertyValueSpecification\",\"valueRequired\":true,\"valueName\":\"search_term_string\"}}],\"inLanguage\":\"es\"},{\"@type\":\"Organization\",\"@id\":\"https:\/\/bergische-nachhilfeschule.de\/es\/#organization\",\"name\":\"Bergische Nachhilfeschule\",\"url\":\"https:\/\/bergische-nachhilfeschule.de\/es\/\",\"logo\":{\"@type\":\"ImageObject\",\"inLanguage\":\"es\",\"@id\":\"https:\/\/bergische-nachhilfeschule.de\/es\/#\/schema\/logo\/image\/\",\"url\":\"https:\/\/bergische-nachhilfeschule.de\/wp-content\/uploads\/2024\/07\/BN_Favicon.svg\",\"contentUrl\":\"https:\/\/bergische-nachhilfeschule.de\/wp-content\/uploads\/2024\/07\/BN_Favicon.svg\",\"width\":512,\"height\":512,\"caption\":\"Bergische Nachhilfeschule\"},\"image\":{\"@id\":\"https:\/\/bergische-nachhilfeschule.de\/es\/#\/schema\/logo\/image\/\"}}]}<\/script>\n<!-- \/ Yoast SEO Premium plugin. -->","yoast_head_json":{"title":"Pol\u00edtica de privacidad - Bergische Nachhilfeschule","robots":{"index":"index","follow":"follow","max-snippet":"max-snippet:-1","max-image-preview":"max-image-preview:large","max-video-preview":"max-video-preview:-1"},"canonical":"https:\/\/bergische-nachhilfeschule.de\/es\/politica-de-privacidad\/","og_locale":"es_ES","og_type":"article","og_title":"Pol\u00edtica de privacidad","og_description":"Pol\u00edtica de privacidad 1. la protecci\u00f3n de datos de un vistazo Informaci\u00f3n general La siguiente informaci\u00f3n proporciona una visi\u00f3n sencilla de lo que ocurre con tus datos personales cuando visitas este sitio web. Por datos personales se entiende cualquier dato que pueda utilizarse para identificarte personalmente. Puedes encontrar informaci\u00f3n detallada sobre el tema de la [&hellip;]","og_url":"https:\/\/bergische-nachhilfeschule.de\/es\/politica-de-privacidad\/","og_site_name":"Bergische Nachhilfeschule","article_modified_time":"2025-01-31T19:26:14+00:00","twitter_card":"summary_large_image","twitter_misc":{"Tiempo de lectura":"20 minutos"},"schema":{"@context":"https:\/\/schema.org","@graph":[{"@type":"WebPage","@id":"https:\/\/bergische-nachhilfeschule.de\/es\/politica-de-privacidad\/","url":"https:\/\/bergische-nachhilfeschule.de\/es\/politica-de-privacidad\/","name":"Pol\u00edtica de privacidad - Bergische Nachhilfeschule","isPartOf":{"@id":"https:\/\/bergische-nachhilfeschule.de\/es\/#website"},"datePublished":"2024-07-13T17:33:47+00:00","dateModified":"2025-01-31T19:26:14+00:00","breadcrumb":{"@id":"https:\/\/bergische-nachhilfeschule.de\/es\/politica-de-privacidad\/#breadcrumb"},"inLanguage":"es","potentialAction":[{"@type":"ReadAction","target":["https:\/\/bergische-nachhilfeschule.de\/es\/politica-de-privacidad\/"]}]},{"@type":"BreadcrumbList","@id":"https:\/\/bergische-nachhilfeschule.de\/es\/politica-de-privacidad\/#breadcrumb","itemListElement":[{"@type":"ListItem","position":1,"name":"Startseite","item":"https:\/\/bergische-nachhilfeschule.de\/es\/"},{"@type":"ListItem","position":2,"name":"Pol\u00edtica de privacidad"}]},{"@type":"WebSite","@id":"https:\/\/bergische-nachhilfeschule.de\/es\/#website","url":"https:\/\/bergische-nachhilfeschule.de\/es\/","name":"Bergische Nachhilfeschule","description":"","publisher":{"@id":"https:\/\/bergische-nachhilfeschule.de\/es\/#organization"},"potentialAction":[{"@type":"SearchAction","target":{"@type":"EntryPoint","urlTemplate":"https:\/\/bergische-nachhilfeschule.de\/es\/?s={search_term_string}"},"query-input":{"@type":"PropertyValueSpecification","valueRequired":true,"valueName":"search_term_string"}}],"inLanguage":"es"},{"@type":"Organization","@id":"https:\/\/bergische-nachhilfeschule.de\/es\/#organization","name":"Bergische Nachhilfeschule","url":"https:\/\/bergische-nachhilfeschule.de\/es\/","logo":{"@type":"ImageObject","inLanguage":"es","@id":"https:\/\/bergische-nachhilfeschule.de\/es\/#\/schema\/logo\/image\/","url":"https:\/\/bergische-nachhilfeschule.de\/wp-content\/uploads\/2024\/07\/BN_Favicon.svg","contentUrl":"https:\/\/bergische-nachhilfeschule.de\/wp-content\/uploads\/2024\/07\/BN_Favicon.svg","width":512,"height":512,"caption":"Bergische Nachhilfeschule"},"image":{"@id":"https:\/\/bergische-nachhilfeschule.de\/es\/#\/schema\/logo\/image\/"}}]}},"_links":{"self":[{"href":"https:\/\/bergische-nachhilfeschule.de\/es\/wp-json\/wp\/v2\/pages\/4774","targetHints":{"allow":["GET"]}}],"collection":[{"href":"https:\/\/bergische-nachhilfeschule.de\/es\/wp-json\/wp\/v2\/pages"}],"about":[{"href":"https:\/\/bergische-nachhilfeschule.de\/es\/wp-json\/wp\/v2\/types\/page"}],"author":[{"embeddable":true,"href":"https:\/\/bergische-nachhilfeschule.de\/es\/wp-json\/wp\/v2\/users\/152"}],"replies":[{"embeddable":true,"href":"https:\/\/bergische-nachhilfeschule.de\/es\/wp-json\/wp\/v2\/comments?post=4774"}],"version-history":[{"count":2,"href":"https:\/\/bergische-nachhilfeschule.de\/es\/wp-json\/wp\/v2\/pages\/4774\/revisions"}],"predecessor-version":[{"id":5862,"href":"https:\/\/bergische-nachhilfeschule.de\/es\/wp-json\/wp\/v2\/pages\/4774\/revisions\/5862"}],"wp:attachment":[{"href":"https:\/\/bergische-nachhilfeschule.de\/es\/wp-json\/wp\/v2\/media?parent=4774"}],"curies":[{"name":"wp","href":"https:\/\/api.w.org\/{rel}","templated":true}]}}